{"id":308,"date":"2020-01-13T11:17:52","date_gmt":"2020-01-13T11:17:52","guid":{"rendered":"https:\/\/demosites.io\/web-agency-gb\/?page_id=5"},"modified":"2025-06-09T14:36:22","modified_gmt":"2025-06-09T14:36:22","slug":"agnes-gerisch-busch-kunsttherapie","status":"publish","type":"page","link":"https:\/\/kunsttherapie-himmelblau.de\/","title":{"rendered":"Startseite"},"content":{"rendered":"\n<div class=\"wp-block-cover alignfull\" style=\"min-height:700px;aspect-ratio:unset;\"><img data-recalc-dims=\"1\" decoding=\"async\" width=\"1200\" height=\"479\" class=\"wp-block-cover__image-background wp-image-359 lazyload\" alt=\"\" data-src=\"https:\/\/i0.wp.com\/kunsttherapie-himmelblau.de\/wp-content\/uploads\/2022\/11\/lemons-g516455826_1920.jpg?resize=1200%2C479&#038;ssl=1\" data-object-fit=\"cover\" data-srcset=\"https:\/\/i0.wp.com\/kunsttherapie-himmelblau.de\/wp-content\/uploads\/2022\/11\/lemons-g516455826_1920.jpg?w=1920&amp;ssl=1 1920w, https:\/\/i0.wp.com\/kunsttherapie-himmelblau.de\/wp-content\/uploads\/2022\/11\/lemons-g516455826_1920.jpg?resize=300%2C120&amp;ssl=1 300w, https:\/\/i0.wp.com\/kunsttherapie-himmelblau.de\/wp-content\/uploads\/2022\/11\/lemons-g516455826_1920.jpg?resize=1024%2C409&amp;ssl=1 1024w, https:\/\/i0.wp.com\/kunsttherapie-himmelblau.de\/wp-content\/uploads\/2022\/11\/lemons-g516455826_1920.jpg?resize=768%2C306&amp;ssl=1 768w, https:\/\/i0.wp.com\/kunsttherapie-himmelblau.de\/wp-content\/uploads\/2022\/11\/lemons-g516455826_1920.jpg?resize=1536%2C613&amp;ssl=1 1536w, https:\/\/i0.wp.com\/kunsttherapie-himmelblau.de\/wp-content\/uploads\/2022\/11\/lemons-g516455826_1920.jpg?resize=600%2C239&amp;ssl=1 600w\" data-sizes=\"(max-width: 1200px) 100vw, 1200px\" src=\"data:image\/gif;base64,R0lGODlhAQABAAAAACH5BAEKAAEALAAAAAABAAEAAAICTAEAOw==\" style=\"--smush-placeholder-width: 1200px; --smush-placeholder-aspect-ratio: 1200\/479;\" \/><span aria-hidden=\"true\" class=\"wp-block-cover__background has-background-dim-60 has-background-dim\"><\/span><div class=\"wp-block-cover__inner-container is-layout-flow wp-block-cover-is-layout-flow\">\n<div style=\"height:80px\" aria-hidden=\"true\" class=\"wp-block-spacer\"><\/div>\n\n\n\n<h1 class=\"wp-block-heading has-text-align-center has-text-color\" style=\"color:#adc43f\">KUNSTTHERAPIE HIMMELBLAU<\/h1>\n\n\n\n<p class=\"has-text-align-center ticss-68a79b74 has-nv-site-bg-color has-text-color\" style=\"font-size:26px\">Wenn dir das Leben Zitronen schenkt, mach Limonade draus<br><\/p>\n\n\n\n<div class=\"wp-block-buttons is-horizontal is-content-justification-center is-layout-flex wp-container-core-buttons-is-layout-499968f5 wp-block-buttons-is-layout-flex\">\n<div class=\"wp-block-button is-style-primary\"><a class=\"wp-block-button__link has-background wp-element-button\" href=\"https:\/\/kunsttherapie-himmelblau.de\/index.php\/ueber-mich\/\" style=\"background-color:#adc43f\">\u00dcBER MICH<\/a><\/div>\n\n\n\n<div class=\"wp-block-button is-style-primary\"><a class=\"wp-block-button__link has-neve-link-hover-color-background-color has-background wp-element-button\" href=\"https:\/\/kunsttherapie-himmelblau.de\/index.php\/aktuelles\/\">AKTUELLES<\/a><\/div>\n<\/div>\n\n\n\n<div style=\"height:80px\" aria-hidden=\"true\" class=\"wp-block-spacer\"><\/div>\n\n\n\n<div style=\"height:80px\" aria-hidden=\"true\" class=\"wp-block-spacer\"><\/div>\n<\/div><\/div>\n\n\n\n<div style=\"height:24px\" aria-hidden=\"true\" class=\"wp-block-spacer\"><\/div>\n\n\n\n<div class=\"wp-block-columns is-layout-flex wp-container-core-columns-is-layout-9d6595d7 wp-block-columns-is-layout-flex\">\n<div class=\"wp-block-column is-layout-flow wp-block-column-is-layout-flow\">\n<div id=\"wp-block-themeisle-blocks-font-awesome-icons-ed94cbbb\" class=\"wp-block-themeisle-blocks-font-awesome-icons\"><span class=\"wp-block-themeisle-blocks-font-awesome-icons-container\"><i class=\"fas fa-arrows-alt\"><\/i><\/span><\/div>\n\n\n\n<p class=\"has-text-align-center has-medium-font-size\">Ich begleite Sie in Einzel- und Gruppenstunden in Ihrer Entwicklung<\/p>\n\n\n\n<div style=\"height:20px\" aria-hidden=\"true\" class=\"wp-block-spacer\"><\/div>\n<\/div>\n\n\n\n<div class=\"wp-block-column is-layout-flow wp-block-column-is-layout-flow\">\n<div id=\"wp-block-themeisle-blocks-font-awesome-icons-d7248b93\" class=\"wp-block-themeisle-blocks-font-awesome-icons\"><span class=\"wp-block-themeisle-blocks-font-awesome-icons-container\"><i class=\"far fa-sun\"><\/i><\/span><\/div>\n\n\n\n<p class=\"has-text-align-center has-medium-font-size\">Mittel Kreativit\u00e4t finden Sie Ressourcen und entwickeln Resilienz<\/p>\n\n\n\n<div style=\"height:20px\" aria-hidden=\"true\" class=\"wp-block-spacer\"><\/div>\n<\/div>\n\n\n\n<div class=\"wp-block-column is-layout-flow wp-block-column-is-layout-flow\">\n<div id=\"wp-block-themeisle-blocks-font-awesome-icons-bc32307c\" class=\"wp-block-themeisle-blocks-font-awesome-icons\"><span class=\"wp-block-themeisle-blocks-font-awesome-icons-container\"><i class=\"fas fa-paint-brush\"><\/i><\/span><\/div>\n\n\n\n<p class=\"has-text-align-center has-medium-font-size\">Keine Sorge! Sie m\u00fcssen nicht zeichnen k\u00f6nnen<\/p>\n\n\n\n<div style=\"height:20px\" aria-hidden=\"true\" class=\"wp-block-spacer\"><\/div>\n<\/div>\n<\/div>\n\n\n\n<div class=\"wp-block-cover alignfull\" style=\"min-height:600px;aspect-ratio:unset;\"><span aria-hidden=\"true\" class=\"wp-block-cover__background has-nv-light-bg-background-color has-background-dim-100 has-background-dim\"><\/span><div class=\"wp-block-cover__inner-container is-layout-flow wp-block-cover-is-layout-flow\">\n<div class=\"wp-block-group\"><div class=\"wp-block-group__inner-container is-layout-flow wp-block-group-is-layout-flow\">\n<div style=\"height:80px\" aria-hidden=\"true\" class=\"wp-block-spacer\"><\/div>\n\n\n\n<div class=\"wp-block-columns are-vertically-aligned-center is-layout-flex wp-container-core-columns-is-layout-9d6595d7 wp-block-columns-is-layout-flex\">\n<div class=\"wp-block-column is-vertically-aligned-center is-layout-flow wp-block-column-is-layout-flow\" style=\"flex-basis:50%\">\n<figure class=\"wp-block-image size-large\"><img data-recalc-dims=\"1\" decoding=\"async\" width=\"768\" height=\"1024\" data-src=\"https:\/\/i0.wp.com\/kunsttherapie-himmelblau.de\/wp-content\/uploads\/2022\/11\/IMG-20220507-WA0002-1.jpg?resize=768%2C1024&#038;ssl=1\" alt=\"\" class=\"wp-image-384 lazyload\" data-srcset=\"https:\/\/i0.wp.com\/kunsttherapie-himmelblau.de\/wp-content\/uploads\/2022\/11\/IMG-20220507-WA0002-1.jpg?resize=768%2C1024&amp;ssl=1 768w, https:\/\/i0.wp.com\/kunsttherapie-himmelblau.de\/wp-content\/uploads\/2022\/11\/IMG-20220507-WA0002-1.jpg?resize=225%2C300&amp;ssl=1 225w, https:\/\/i0.wp.com\/kunsttherapie-himmelblau.de\/wp-content\/uploads\/2022\/11\/IMG-20220507-WA0002-1.jpg?resize=1152%2C1536&amp;ssl=1 1152w, https:\/\/i0.wp.com\/kunsttherapie-himmelblau.de\/wp-content\/uploads\/2022\/11\/IMG-20220507-WA0002-1.jpg?resize=600%2C800&amp;ssl=1 600w, https:\/\/i0.wp.com\/kunsttherapie-himmelblau.de\/wp-content\/uploads\/2022\/11\/IMG-20220507-WA0002-1.jpg?w=1536&amp;ssl=1 1536w\" data-sizes=\"(max-width: 768px) 100vw, 768px\" src=\"data:image\/gif;base64,R0lGODlhAQABAAAAACH5BAEKAAEALAAAAAABAAEAAAICTAEAOw==\" style=\"--smush-placeholder-width: 768px; --smush-placeholder-aspect-ratio: 768\/1024;\" \/><\/figure>\n<\/div>\n\n\n\n<div class=\"wp-block-column is-vertically-aligned-center is-layout-flow wp-block-column-is-layout-flow\" style=\"flex-basis:50%\">\n<div style=\"height:20px\" aria-hidden=\"true\" class=\"wp-block-spacer\"><\/div>\n\n\n\n<h2 class=\"wp-block-heading has-text-align-left has-neve-text-color-color has-text-color\">Wie Ihnen Kunsttherapie helfen kann<\/h2>\n\n\n\n<p class=\"has-nv-dark-bg-color has-text-color\" style=\"font-size:17px\">Wenn anfangs noch die Worte fehlen, kann man mit der Kunsttherapie<br>das Problem bereits kreativ darstellen. So kann man sich mit dem<br>Thema auseinandersetzen und es besteht anschlie\u00dfend die<br>M\u00f6glichkeit, die Empfindungen umzuwandeln. Dabei kann man lernen,<br>sich aus schwierigen Situationen zu befreien. Durch das<br>Eigenpotential der Menschen, welches jeder in sich hat, sollen die<br>Resourcen gefunden und gest\u00e4rkt werden. Damit ist eine<br>Neuausrichtung im Alltag m\u00f6glich.<\/p>\n\n\n\n<div class=\"wp-block-buttons is-horizontal is-content-justification-left is-layout-flex wp-container-core-buttons-is-layout-7e5fce0a wp-block-buttons-is-layout-flex\">\n<div class=\"wp-block-button is-style-primary\"><a class=\"wp-block-button__link has-background wp-element-button\" href=\"https:\/\/kunsttherapie-himmelblau.de\/index.php\/wie-ihnen-kunsttherapie-helfen-kann\/\" style=\"background-color:#adc43f\">MEHR DAZU<\/a><\/div>\n<\/div>\n<\/div>\n<\/div>\n\n\n\n<div style=\"height:40px\" aria-hidden=\"true\" class=\"wp-block-spacer\"><\/div>\n<\/div><\/div>\n<\/div><\/div>\n\n\n\n<div class=\"wp-block-cover alignfull\" style=\"min-height:600px;aspect-ratio:unset;\"><span aria-hidden=\"true\" class=\"wp-block-cover__background has-nv-site-bg-background-color has-background-dim-100 has-background-dim\"><\/span><div class=\"wp-block-cover__inner-container is-layout-flow wp-block-cover-is-layout-flow\">\n<div class=\"wp-block-group\"><div class=\"wp-block-group__inner-container is-layout-flow wp-block-group-is-layout-flow\">\n<div style=\"height:80px\" aria-hidden=\"true\" class=\"wp-block-spacer\"><\/div>\n\n\n\n<div class=\"wp-block-columns are-vertically-aligned-center is-layout-flex wp-container-core-columns-is-layout-9d6595d7 wp-block-columns-is-layout-flex\">\n<div class=\"wp-block-column is-vertically-aligned-center is-layout-flow wp-block-column-is-layout-flow\" style=\"flex-basis:50%\">\n<h2 class=\"wp-block-heading has-text-align-left has-neve-text-color-color has-text-color\">Aktuelles<\/h2>\n\n\n\n<p class=\"has-text-align-left has-neve-text-color-color has-text-color\" style=\"font-size:17px\">Hier erfahren Sie mehr \u00fcber aktuelle Termine und vergangene Aktione<\/p>\n\n\n\n<div class=\"wp-block-buttons is-horizontal is-content-justification-left is-layout-flex wp-container-core-buttons-is-layout-7e5fce0a wp-block-buttons-is-layout-flex\">\n<div class=\"wp-block-button is-style-primary\"><a class=\"wp-block-button__link has-background wp-element-button\" href=\"https:\/\/kunsttherapie-himmelblau.de\/index.php\/aktuelles\/\" style=\"background-color:#adc43f\">AKTUELLES<\/a><\/div>\n<\/div>\n\n\n\n<div class=\"wp-block-media-text has-media-on-the-right is-stacked-on-mobile\" style=\"grid-template-columns:auto 52%\"><div class=\"wp-block-media-text__content\">\n<p><mark style=\"background-color:rgba(0, 0, 0, 0)\" class=\"has-inline-color has-neve-link-hover-color-color\"><span class=\"highlight\">Kinderferienprogramm<\/span> in Ergoldsbach<\/mark><\/p>\n\n\n\n<p><mark style=\"background-color:rgba(0, 0, 0, 0)\" class=\"has-inline-color has-nv-dark-bg-color\">Mandalas in und mit der Natur legen<\/mark><\/p>\n\n\n\n<p><mark style=\"background-color:rgba(0, 0, 0, 0)\" class=\"has-inline-color has-nv-dark-bg-color\">Freitag, 22. August 2025, 15:00-16:30 Uhr<\/mark><\/p>\n<\/div><figure class=\"wp-block-media-text__media\"><img data-recalc-dims=\"1\" decoding=\"async\" width=\"768\" height=\"1024\" data-src=\"https:\/\/i0.wp.com\/kunsttherapie-himmelblau.de\/wp-content\/uploads\/2025\/06\/IMG_20250523_144836.jpg?resize=768%2C1024&#038;ssl=1\" alt=\"\" class=\"wp-image-546 size-full lazyload\" data-srcset=\"https:\/\/i0.wp.com\/kunsttherapie-himmelblau.de\/wp-content\/uploads\/2025\/06\/IMG_20250523_144836-scaled.jpg?resize=768%2C1024&amp;ssl=1 768w, https:\/\/i0.wp.com\/kunsttherapie-himmelblau.de\/wp-content\/uploads\/2025\/06\/IMG_20250523_144836-scaled.jpg?resize=225%2C300&amp;ssl=1 225w, https:\/\/i0.wp.com\/kunsttherapie-himmelblau.de\/wp-content\/uploads\/2025\/06\/IMG_20250523_144836-scaled.jpg?resize=1152%2C1536&amp;ssl=1 1152w, https:\/\/i0.wp.com\/kunsttherapie-himmelblau.de\/wp-content\/uploads\/2025\/06\/IMG_20250523_144836-scaled.jpg?resize=1536%2C2048&amp;ssl=1 1536w, https:\/\/i0.wp.com\/kunsttherapie-himmelblau.de\/wp-content\/uploads\/2025\/06\/IMG_20250523_144836-scaled.jpg?w=1920&amp;ssl=1 1920w\" data-sizes=\"(max-width: 768px) 100vw, 768px\" src=\"data:image\/gif;base64,R0lGODlhAQABAAAAACH5BAEKAAEALAAAAAABAAEAAAICTAEAOw==\" style=\"--smush-placeholder-width: 768px; --smush-placeholder-aspect-ratio: 768\/1024;\" \/><\/figure><\/div>\n\n\n\n<p><\/p>\n\n\n\n<p><\/p>\n\n\n\n<div class=\"wp-block-media-text has-media-on-the-right is-stacked-on-mobile\"><div class=\"wp-block-media-text__content\">\n<p><mark style=\"background-color:rgba(0, 0, 0, 0)\" class=\"has-inline-color has-neve-link-hover-color-color\"><span class=\"highlight\">Kinderferienprogramm<\/span> in Ergoldsbach<\/mark><\/p>\n\n\n\n<p><mark style=\"background-color:rgba(0, 0, 0, 0)\" class=\"has-inline-color has-nv-dark-bg-color\">Steine bemahlen<\/mark><\/p>\n\n\n\n<p><mark style=\"background-color:rgba(0, 0, 0, 0)\" class=\"has-inline-color has-nv-dark-bg-color\">Samstag, 23. August 2025, 14:00-15:30 Uhr<\/mark><\/p>\n<\/div><figure class=\"wp-block-media-text__media\"><img data-recalc-dims=\"1\" decoding=\"async\" width=\"768\" height=\"1024\" data-src=\"https:\/\/i0.wp.com\/kunsttherapie-himmelblau.de\/wp-content\/uploads\/2022\/11\/Weg-3.jpg?resize=768%2C1024&#038;ssl=1\" alt=\"\" class=\"wp-image-391 size-full lazyload\" data-srcset=\"https:\/\/i0.wp.com\/kunsttherapie-himmelblau.de\/wp-content\/uploads\/2022\/11\/Weg-3-scaled.jpg?resize=768%2C1024&amp;ssl=1 768w, https:\/\/i0.wp.com\/kunsttherapie-himmelblau.de\/wp-content\/uploads\/2022\/11\/Weg-3-scaled.jpg?resize=225%2C300&amp;ssl=1 225w, https:\/\/i0.wp.com\/kunsttherapie-himmelblau.de\/wp-content\/uploads\/2022\/11\/Weg-3-scaled.jpg?resize=1152%2C1536&amp;ssl=1 1152w, https:\/\/i0.wp.com\/kunsttherapie-himmelblau.de\/wp-content\/uploads\/2022\/11\/Weg-3-scaled.jpg?resize=1536%2C2048&amp;ssl=1 1536w, https:\/\/i0.wp.com\/kunsttherapie-himmelblau.de\/wp-content\/uploads\/2022\/11\/Weg-3-scaled.jpg?resize=600%2C800&amp;ssl=1 600w, https:\/\/i0.wp.com\/kunsttherapie-himmelblau.de\/wp-content\/uploads\/2022\/11\/Weg-3-scaled.jpg?w=1920&amp;ssl=1 1920w\" data-sizes=\"(max-width: 768px) 100vw, 768px\" src=\"data:image\/gif;base64,R0lGODlhAQABAAAAACH5BAEKAAEALAAAAAABAAEAAAICTAEAOw==\" style=\"--smush-placeholder-width: 768px; --smush-placeholder-aspect-ratio: 768\/1024;\" \/><\/figure><\/div>\n\n\n\n<p><\/p>\n\n\n\n<div style=\"height:40px\" aria-hidden=\"true\" class=\"wp-block-spacer\"><\/div>\n\n\n\n<div class=\"wp-block-media-text has-media-on-the-right is-stacked-on-mobile\"><div class=\"wp-block-media-text__content\">\n<p><mark style=\"background-color:rgba(0, 0, 0, 0)\" class=\"has-inline-color has-neve-link-hover-color-color\"><span class=\"highlight\">Kinderferienprogramm <\/span>in Ergoldsbach<\/mark><\/p>\n\n\n\n<p><mark style=\"background-color:rgba(0, 0, 0, 0)\" class=\"has-inline-color has-nv-dark-bg-color\">Landschaftsbilder mit Seidenpapier<\/mark><\/p>\n\n\n\n<p><mark style=\"background-color:rgba(0, 0, 0, 0)\" class=\"has-inline-color has-nv-dark-bg-color\">Freitag, 05. September 2025, 15:00-16:30 Uhr<\/mark><\/p>\n<\/div><figure class=\"wp-block-media-text__media\"><img data-recalc-dims=\"1\" decoding=\"async\" width=\"1024\" height=\"753\" data-src=\"https:\/\/i0.wp.com\/kunsttherapie-himmelblau.de\/wp-content\/uploads\/2025\/06\/Seidenpapiermalerei.jpg?resize=1024%2C753&#038;ssl=1\" alt=\"\" class=\"wp-image-544 size-full lazyload\" data-srcset=\"https:\/\/i0.wp.com\/kunsttherapie-himmelblau.de\/wp-content\/uploads\/2025\/06\/Seidenpapiermalerei-scaled.jpg?resize=1024%2C753&amp;ssl=1 1024w, https:\/\/i0.wp.com\/kunsttherapie-himmelblau.de\/wp-content\/uploads\/2025\/06\/Seidenpapiermalerei-scaled.jpg?resize=300%2C220&amp;ssl=1 300w, https:\/\/i0.wp.com\/kunsttherapie-himmelblau.de\/wp-content\/uploads\/2025\/06\/Seidenpapiermalerei-scaled.jpg?resize=768%2C564&amp;ssl=1 768w, https:\/\/i0.wp.com\/kunsttherapie-himmelblau.de\/wp-content\/uploads\/2025\/06\/Seidenpapiermalerei-scaled.jpg?resize=1536%2C1129&amp;ssl=1 1536w, https:\/\/i0.wp.com\/kunsttherapie-himmelblau.de\/wp-content\/uploads\/2025\/06\/Seidenpapiermalerei-scaled.jpg?resize=2048%2C1505&amp;ssl=1 2048w, https:\/\/i0.wp.com\/kunsttherapie-himmelblau.de\/wp-content\/uploads\/2025\/06\/Seidenpapiermalerei-scaled.jpg?w=2400&amp;ssl=1 2400w\" data-sizes=\"(max-width: 1024px) 100vw, 1024px\" src=\"data:image\/gif;base64,R0lGODlhAQABAAAAACH5BAEKAAEALAAAAAABAAEAAAICTAEAOw==\" style=\"--smush-placeholder-width: 1024px; --smush-placeholder-aspect-ratio: 1024\/753;\" \/><\/figure><\/div>\n\n\n\n<div class=\"wp-block-media-text has-media-on-the-right is-stacked-on-mobile\" style=\"grid-template-columns:auto 49%\"><div class=\"wp-block-media-text__content\">\n<p><mark style=\"background-color:rgba(0, 0, 0, 0)\" class=\"has-inline-color has-neve-link-hover-color-color\">Kinderferienprogramm in Neufahrn<\/mark><\/p>\n\n\n\n<p><mark style=\"background-color:rgba(0, 0, 0, 0)\" class=\"has-inline-color has-nv-dark-bg-color\">Landschaftsbilder mit Seidenpapier<\/mark><\/p>\n\n\n\n<p><mark style=\"background-color:rgba(0, 0, 0, 0)\" class=\"has-inline-color has-nv-dark-bg-color\">Samstag, 06.September 2025, 14:00-15:30 Uhr<\/mark><\/p>\n<\/div><figure class=\"wp-block-media-text__media\"><img data-recalc-dims=\"1\" decoding=\"async\" width=\"865\" height=\"1024\" data-src=\"https:\/\/i0.wp.com\/kunsttherapie-himmelblau.de\/wp-content\/uploads\/2025\/06\/Seidenpapiermalerei-Landschaft-1.jpg?resize=865%2C1024&#038;ssl=1\" alt=\"\" class=\"wp-image-547 size-full lazyload\" data-srcset=\"https:\/\/i0.wp.com\/kunsttherapie-himmelblau.de\/wp-content\/uploads\/2025\/06\/Seidenpapiermalerei-Landschaft-1-scaled.jpg?resize=865%2C1024&amp;ssl=1 865w, https:\/\/i0.wp.com\/kunsttherapie-himmelblau.de\/wp-content\/uploads\/2025\/06\/Seidenpapiermalerei-Landschaft-1-scaled.jpg?resize=253%2C300&amp;ssl=1 253w, https:\/\/i0.wp.com\/kunsttherapie-himmelblau.de\/wp-content\/uploads\/2025\/06\/Seidenpapiermalerei-Landschaft-1-scaled.jpg?resize=768%2C909&amp;ssl=1 768w, https:\/\/i0.wp.com\/kunsttherapie-himmelblau.de\/wp-content\/uploads\/2025\/06\/Seidenpapiermalerei-Landschaft-1-scaled.jpg?resize=1297%2C1536&amp;ssl=1 1297w, https:\/\/i0.wp.com\/kunsttherapie-himmelblau.de\/wp-content\/uploads\/2025\/06\/Seidenpapiermalerei-Landschaft-1-scaled.jpg?resize=1730%2C2048&amp;ssl=1 1730w\" data-sizes=\"(max-width: 865px) 100vw, 865px\" src=\"data:image\/gif;base64,R0lGODlhAQABAAAAACH5BAEKAAEALAAAAAABAAEAAAICTAEAOw==\" style=\"--smush-placeholder-width: 865px; --smush-placeholder-aspect-ratio: 865\/1024;\" \/><\/figure><\/div>\n<\/div>\n\n\n\n<div class=\"wp-block-column is-vertically-aligned-center is-layout-flow wp-block-column-is-layout-flow\" style=\"flex-basis:50%\"><\/div>\n<\/div>\n<\/div><\/div>\n<\/div><\/div>\n\n\n\n<div class=\"wp-block-columns is-layout-flex wp-container-core-columns-is-layout-9d6595d7 wp-block-columns-is-layout-flex\">\n<div class=\"wp-block-column is-layout-flow wp-block-column-is-layout-flow\">\n<h3 class=\"wp-block-heading has-large-font-size\">Jetzt unverbindlich anfragen<\/h3>\n\n\n\n<p>Ich habe Ihr Interesse geweckt? Dann schreiben Sie mir doch gleich eine Nachricht und ich komme schnellstm\u00f6glich auf Sie zur\u00fcck!<\/p>\n<\/div>\n\n\n\n<div class=\"wp-block-column is-layout-flow wp-block-column-is-layout-flow\">\n<div class=\"wp-block-contact-form-7-contact-form-selector\">\n<div class=\"wpcf7 no-js\" id=\"wpcf7-f5-o1\" lang=\"de-DE\" dir=\"ltr\" data-wpcf7-id=\"5\">\n<div class=\"screen-reader-response\"><p role=\"status\" aria-live=\"polite\" aria-atomic=\"true\"><\/p> <ul><\/ul><\/div>\n<form action=\"\/index.php\/wp-json\/wp\/v2\/pages\/308#wpcf7-f5-o1\" method=\"post\" class=\"wpcf7-form init\" aria-label=\"Kontaktformular\" novalidate=\"novalidate\" data-status=\"init\">\n<div style=\"display: none;\">\n<input type=\"hidden\" name=\"_wpcf7\" value=\"5\" \/>\n<input type=\"hidden\" name=\"_wpcf7_version\" value=\"6.0.6\" \/>\n<input type=\"hidden\" name=\"_wpcf7_locale\" value=\"de_DE\" \/>\n<input type=\"hidden\" name=\"_wpcf7_unit_tag\" value=\"wpcf7-f5-o1\" \/>\n<input type=\"hidden\" name=\"_wpcf7_container_post\" value=\"0\" \/>\n<input type=\"hidden\" name=\"_wpcf7_posted_data_hash\" value=\"\" \/>\n<\/div>\n<p><label> Ihr Name<br \/>\n<span class=\"wpcf7-form-control-wrap\" data-name=\"your-name\"><input size=\"40\" maxlength=\"400\" class=\"wpcf7-form-control wpcf7-text wpcf7-validates-as-required\" aria-required=\"true\" aria-invalid=\"false\" value=\"\" type=\"text\" name=\"your-name\" \/><\/span> <\/label>\n<\/p>\n<p><label> Ihre E-Mail-Adresse<br \/>\n<span class=\"wpcf7-form-control-wrap\" data-name=\"your-email\"><input size=\"40\" maxlength=\"400\" class=\"wpcf7-form-control wpcf7-email wpcf7-validates-as-required wpcf7-text wpcf7-validates-as-email\" aria-required=\"true\" aria-invalid=\"false\" value=\"\" type=\"email\" name=\"your-email\" \/><\/span> <\/label>\n<\/p>\n<p><label> Betreff<br \/>\n<span class=\"wpcf7-form-control-wrap\" data-name=\"your-subject\"><input size=\"40\" maxlength=\"400\" class=\"wpcf7-form-control wpcf7-text wpcf7-validates-as-required\" aria-required=\"true\" aria-invalid=\"false\" value=\"\" type=\"text\" name=\"your-subject\" \/><\/span> <\/label>\n<\/p>\n<p><label> Ihre Nachricht<br \/>\n<span class=\"wpcf7-form-control-wrap\" data-name=\"your-message\"><textarea cols=\"40\" rows=\"10\" maxlength=\"2000\" class=\"wpcf7-form-control wpcf7-textarea\" aria-invalid=\"false\" name=\"your-message\"><\/textarea><\/span> <\/label>\n<\/p>\n<p><input class=\"wpcf7-form-control wpcf7-submit has-spinner\" type=\"submit\" value=\"SENDEN\" \/>\n<\/p><p style=\"display: none !important;\" class=\"akismet-fields-container\" data-prefix=\"_wpcf7_ak_\"><label>&#916;<textarea name=\"_wpcf7_ak_hp_textarea\" cols=\"45\" rows=\"8\" maxlength=\"100\"><\/textarea><\/label><input type=\"hidden\" id=\"ak_js_1\" name=\"_wpcf7_ak_js\" value=\"107\"\/><script>document.getElementById( \"ak_js_1\" ).setAttribute( \"value\", ( new Date() ).getTime() );<\/script><\/p><div class=\"wpcf7-response-output\" aria-hidden=\"true\"><\/div>\n<\/form>\n<\/div>\n<\/div>\n<\/div>\n<\/div>\n\n\n\n<div class=\"wp-block-cover alignfull ticss-d0fa29a6 has-small-font-size\"><span aria-hidden=\"true\" class=\"wp-block-cover__background has-background-dim-100 has-background-dim\" style=\"background-color:#d03f5e\"><\/span><div class=\"wp-block-cover__inner-container is-layout-flow wp-block-cover-is-layout-flow\">\n<div style=\"height:25px\" aria-hidden=\"true\" class=\"wp-block-spacer\"><\/div>\n\n\n\n<div class=\"wp-block-columns is-layout-flex wp-container-core-columns-is-layout-9d6595d7 wp-block-columns-is-layout-flex\">\n<div class=\"wp-block-column is-layout-flow wp-block-column-is-layout-flow\">\n<div id=\"wp-block-themeisle-blocks-slider-c250efb2\" class=\"wp-block-themeisle-blocks-slider glide\" data-per-view=\"1\" data-gap=\"0\" data-peek=\"0\" data-autoplay=\"6000\" data-height=\"500px\" data-hide-arrows=\"false\"><div class=\"glide__track\" data-glide-el=\"track\"><div class=\"glide__slides\"><div class=\"wp-block-themeisle-blocks-slider-item-wrapper glide__slide\" tabindex=\"0\"><figure><img data-recalc-dims=\"1\" decoding=\"async\" class=\"wp-block-themeisle-blocks-slider-item lazyload\" data-src=\"https:\/\/i0.wp.com\/kunsttherapie-himmelblau.de\/wp-content\/uploads\/2022\/11\/Weg-3-scaled.jpg?w=1200&#038;ssl=1\" alt=\"\" title=\"\" data-id=\"391\" src=\"data:image\/gif;base64,R0lGODlhAQABAAAAACH5BAEKAAEALAAAAAABAAEAAAICTAEAOw==\" \/><\/figure><\/div><div class=\"wp-block-themeisle-blocks-slider-item-wrapper glide__slide\" tabindex=\"0\"><figure><img data-recalc-dims=\"1\" decoding=\"async\" class=\"wp-block-themeisle-blocks-slider-item lazyload\" data-src=\"https:\/\/i0.wp.com\/kunsttherapie-himmelblau.de\/wp-content\/uploads\/2022\/11\/Weg-5-scaled.jpg?w=1200&#038;ssl=1\" alt=\"\" title=\"\" data-id=\"390\" src=\"data:image\/gif;base64,R0lGODlhAQABAAAAACH5BAEKAAEALAAAAAABAAEAAAICTAEAOw==\" \/><\/figure><\/div><div class=\"wp-block-themeisle-blocks-slider-item-wrapper glide__slide\" tabindex=\"0\"><figure><img data-recalc-dims=\"1\" decoding=\"async\" class=\"wp-block-themeisle-blocks-slider-item lazyload\" data-src=\"https:\/\/i0.wp.com\/kunsttherapie-himmelblau.de\/wp-content\/uploads\/2022\/11\/Weg-4-scaled.jpg?w=1200&#038;ssl=1\" alt=\"\" title=\"\" data-id=\"389\" src=\"data:image\/gif;base64,R0lGODlhAQABAAAAACH5BAEKAAEALAAAAAABAAEAAAICTAEAOw==\" \/><\/figure><\/div><div class=\"wp-block-themeisle-blocks-slider-item-wrapper glide__slide\" tabindex=\"0\"><figure><img data-recalc-dims=\"1\" decoding=\"async\" class=\"wp-block-themeisle-blocks-slider-item lazyload\" data-src=\"https:\/\/i0.wp.com\/kunsttherapie-himmelblau.de\/wp-content\/uploads\/2022\/11\/Weg-6-scaled.jpg?w=1200&#038;ssl=1\" alt=\"\" title=\"\" data-id=\"388\" src=\"data:image\/gif;base64,R0lGODlhAQABAAAAACH5BAEKAAEALAAAAAABAAEAAAICTAEAOw==\" \/><\/figure><\/div><div class=\"wp-block-themeisle-blocks-slider-item-wrapper glide__slide\" tabindex=\"0\"><figure><img data-recalc-dims=\"1\" decoding=\"async\" class=\"wp-block-themeisle-blocks-slider-item lazyload\" data-src=\"https:\/\/i0.wp.com\/kunsttherapie-himmelblau.de\/wp-content\/uploads\/2022\/11\/Weg-8-scaled.jpg?w=1200&#038;ssl=1\" alt=\"\" title=\"\" data-id=\"386\" src=\"data:image\/gif;base64,R0lGODlhAQABAAAAACH5BAEKAAEALAAAAAABAAEAAAICTAEAOw==\" \/><\/figure><\/div><div class=\"wp-block-themeisle-blocks-slider-item-wrapper glide__slide\" tabindex=\"0\"><figure><img data-recalc-dims=\"1\" decoding=\"async\" class=\"wp-block-themeisle-blocks-slider-item lazyload\" data-src=\"https:\/\/i0.wp.com\/kunsttherapie-himmelblau.de\/wp-content\/uploads\/2022\/11\/Weg-1-scaled.jpg?w=1200&#038;ssl=1\" alt=\"\" title=\"\" data-id=\"387\" src=\"data:image\/gif;base64,R0lGODlhAQABAAAAACH5BAEKAAEALAAAAAABAAEAAAICTAEAOw==\" \/><\/figure><\/div><\/div><div class=\"glide__bullets\" data-glide-el=\"controls[nav]\"><button class=\"glide__bullet\" data-glide-dir=\"=0\"><\/button><button class=\"glide__bullet\" data-glide-dir=\"=1\"><\/button><button class=\"glide__bullet\" data-glide-dir=\"=2\"><\/button><button class=\"glide__bullet\" data-glide-dir=\"=3\"><\/button><button class=\"glide__bullet\" data-glide-dir=\"=4\"><\/button><button class=\"glide__bullet\" data-glide-dir=\"=5\"><\/button><\/div><\/div><\/div>\n<\/div>\n\n\n\n<div class=\"wp-block-column is-layout-flow wp-block-column-is-layout-flow\">\n<div style=\"height:25px\" aria-hidden=\"true\" class=\"wp-block-spacer\"><\/div>\n\n\n\n<h2 class=\"wp-block-heading has-nv-dark-bg-color has-text-color\">Auf welchem Weg wollen Sie an Ihr Ziel kommen?<\/h2>\n\n\n\n<p class=\"has-nv-dark-bg-color has-text-color\" style=\"font-size:17px\">In Ihrem Leben haben Sie st\u00e4ndig die Wahl neue Wege zu gehen. Welchen wollen Sie mit mir zusammen als n\u00e4chstes beschreiten?<\/p>\n<\/div>\n<\/div>\n<\/div><\/div>\n","protected":false},"excerpt":{"rendered":"<p>Ich begleite Sie in Einzel- und Gruppenstunden in Ihrer Entwicklung Mittel Kreativit\u00e4t finden Sie Ressourcen und entwickeln Resilienz Keine Sorge! Sie m\u00fcssen nicht zeichnen k\u00f6nnen Jetzt unverbindlich anfragen Ich habe Ihr Interesse geweckt? Dann schreiben Sie mir doch gleich eine Nachricht und ich komme schnellstm\u00f6glich auf Sie zur\u00fcck!<\/p>\n","protected":false},"author":1,"featured_media":0,"parent":0,"menu_order":0,"comment_status":"closed","ping_status":"closed","template":"","meta":{"neve_meta_sidebar":"default","neve_meta_container":"default","neve_meta_enable_content_width":"on","neve_meta_content_width":100,"neve_meta_title_alignment":"","neve_meta_author_avatar":"","neve_post_elements_order":"","neve_meta_disable_header":"","neve_meta_disable_footer":"","neve_meta_disable_title":"on","_themeisle_gutenberg_block_has_review":false,"footnotes":""},"class_list":["post-308","page","type-page","status-publish","hentry"],"yoast_head":"<!-- This site is optimized with the Yoast SEO plugin v25.2 - https:\/\/yoast.com\/wordpress\/plugins\/seo\/ -->\n<title>Startseite - Kunsttherapie Himmelblau<\/title>\n<meta name=\"description\" content=\"Kunsttherapie Himmelblau von Agnes Gerisch-Busch\" \/>\n<meta name=\"robots\" content=\"index, follow, max-snippet:-1, max-image-preview:large, max-video-preview:-1\" \/>\n<link rel=\"canonical\" href=\"https:\/\/kunsttherapie-himmelblau.de\/\" \/>\n<meta property=\"og:locale\" content=\"de_DE\" \/>\n<meta property=\"og:type\" content=\"article\" \/>\n<meta property=\"og:title\" content=\"Startseite - Kunsttherapie Himmelblau\" \/>\n<meta property=\"og:description\" content=\"Kunsttherapie Himmelblau von Agnes Gerisch-Busch\" \/>\n<meta property=\"og:url\" content=\"https:\/\/kunsttherapie-himmelblau.de\/\" \/>\n<meta property=\"og:site_name\" content=\"Kunsttherapie Himmelblau\" \/>\n<meta property=\"article:modified_time\" content=\"2025-06-09T14:36:22+00:00\" \/>\n<meta property=\"og:image\" content=\"https:\/\/kunsttherapie-himmelblau.de\/wp-content\/uploads\/2022\/11\/lemons-g516455826_1920.jpg\" \/>\n<meta name=\"twitter:card\" content=\"summary_large_image\" \/>\n<meta name=\"twitter:label1\" content=\"Gesch\u00e4tzte Lesezeit\" \/>\n\t<meta name=\"twitter:data1\" content=\"4\u00a0Minuten\" \/>\n<script type=\"application\/ld+json\" class=\"yoast-schema-graph\">{\"@context\":\"https:\/\/schema.org\",\"@graph\":[{\"@type\":\"WebPage\",\"@id\":\"https:\/\/kunsttherapie-himmelblau.de\/\",\"url\":\"https:\/\/kunsttherapie-himmelblau.de\/\",\"name\":\"Startseite - Kunsttherapie Himmelblau\",\"isPartOf\":{\"@id\":\"https:\/\/kunsttherapie-himmelblau.de\/#website\"},\"primaryImageOfPage\":{\"@id\":\"https:\/\/kunsttherapie-himmelblau.de\/#primaryimage\"},\"image\":{\"@id\":\"https:\/\/kunsttherapie-himmelblau.de\/#primaryimage\"},\"thumbnailUrl\":\"https:\/\/kunsttherapie-himmelblau.de\/wp-content\/uploads\/2022\/11\/lemons-g516455826_1920.jpg\",\"datePublished\":\"2020-01-13T11:17:52+00:00\",\"dateModified\":\"2025-06-09T14:36:22+00:00\",\"description\":\"Kunsttherapie Himmelblau von Agnes Gerisch-Busch\",\"breadcrumb\":{\"@id\":\"https:\/\/kunsttherapie-himmelblau.de\/#breadcrumb\"},\"inLanguage\":\"de\",\"potentialAction\":[{\"@type\":\"ReadAction\",\"target\":[\"https:\/\/kunsttherapie-himmelblau.de\/\"]}]},{\"@type\":\"ImageObject\",\"inLanguage\":\"de\",\"@id\":\"https:\/\/kunsttherapie-himmelblau.de\/#primaryimage\",\"url\":\"https:\/\/i0.wp.com\/kunsttherapie-himmelblau.de\/wp-content\/uploads\/2022\/11\/lemons-g516455826_1920.jpg?fit=1920%2C766&ssl=1\",\"contentUrl\":\"https:\/\/i0.wp.com\/kunsttherapie-himmelblau.de\/wp-content\/uploads\/2022\/11\/lemons-g516455826_1920.jpg?fit=1920%2C766&ssl=1\",\"width\":1920,\"height\":766},{\"@type\":\"BreadcrumbList\",\"@id\":\"https:\/\/kunsttherapie-himmelblau.de\/#breadcrumb\",\"itemListElement\":[{\"@type\":\"ListItem\",\"position\":1,\"name\":\"Startseite\",\"item\":\"https:\/\/kunsttherapie-himmelblau.de\/\"},{\"@type\":\"ListItem\",\"position\":2,\"name\":\"Startseite\"}]},{\"@type\":\"WebSite\",\"@id\":\"https:\/\/kunsttherapie-himmelblau.de\/#website\",\"url\":\"https:\/\/kunsttherapie-himmelblau.de\/\",\"name\":\"Kunsttherapie Himmelblau\",\"description\":\"Agnes Gerisch-Busch Kunsttherapie\",\"potentialAction\":[{\"@type\":\"SearchAction\",\"target\":{\"@type\":\"EntryPoint\",\"urlTemplate\":\"https:\/\/kunsttherapie-himmelblau.de\/?s={search_term_string}\"},\"query-input\":{\"@type\":\"PropertyValueSpecification\",\"valueRequired\":true,\"valueName\":\"search_term_string\"}}],\"inLanguage\":\"de\"}]}<\/script>\n<!-- \/ Yoast SEO plugin. -->","yoast_head_json":{"title":"Startseite - Kunsttherapie Himmelblau","description":"Kunsttherapie Himmelblau von Agnes Gerisch-Busch","robots":{"index":"index","follow":"follow","max-snippet":"max-snippet:-1","max-image-preview":"max-image-preview:large","max-video-preview":"max-video-preview:-1"},"canonical":"https:\/\/kunsttherapie-himmelblau.de\/","og_locale":"de_DE","og_type":"article","og_title":"Startseite - Kunsttherapie Himmelblau","og_description":"Kunsttherapie Himmelblau von Agnes Gerisch-Busch","og_url":"https:\/\/kunsttherapie-himmelblau.de\/","og_site_name":"Kunsttherapie Himmelblau","article_modified_time":"2025-06-09T14:36:22+00:00","og_image":[{"url":"https:\/\/kunsttherapie-himmelblau.de\/wp-content\/uploads\/2022\/11\/lemons-g516455826_1920.jpg","type":"","width":"","height":""}],"twitter_card":"summary_large_image","twitter_misc":{"Gesch\u00e4tzte Lesezeit":"4\u00a0Minuten"},"schema":{"@context":"https:\/\/schema.org","@graph":[{"@type":"WebPage","@id":"https:\/\/kunsttherapie-himmelblau.de\/","url":"https:\/\/kunsttherapie-himmelblau.de\/","name":"Startseite - Kunsttherapie Himmelblau","isPartOf":{"@id":"https:\/\/kunsttherapie-himmelblau.de\/#website"},"primaryImageOfPage":{"@id":"https:\/\/kunsttherapie-himmelblau.de\/#primaryimage"},"image":{"@id":"https:\/\/kunsttherapie-himmelblau.de\/#primaryimage"},"thumbnailUrl":"https:\/\/kunsttherapie-himmelblau.de\/wp-content\/uploads\/2022\/11\/lemons-g516455826_1920.jpg","datePublished":"2020-01-13T11:17:52+00:00","dateModified":"2025-06-09T14:36:22+00:00","description":"Kunsttherapie Himmelblau von Agnes Gerisch-Busch","breadcrumb":{"@id":"https:\/\/kunsttherapie-himmelblau.de\/#breadcrumb"},"inLanguage":"de","potentialAction":[{"@type":"ReadAction","target":["https:\/\/kunsttherapie-himmelblau.de\/"]}]},{"@type":"ImageObject","inLanguage":"de","@id":"https:\/\/kunsttherapie-himmelblau.de\/#primaryimage","url":"https:\/\/i0.wp.com\/kunsttherapie-himmelblau.de\/wp-content\/uploads\/2022\/11\/lemons-g516455826_1920.jpg?fit=1920%2C766&ssl=1","contentUrl":"https:\/\/i0.wp.com\/kunsttherapie-himmelblau.de\/wp-content\/uploads\/2022\/11\/lemons-g516455826_1920.jpg?fit=1920%2C766&ssl=1","width":1920,"height":766},{"@type":"BreadcrumbList","@id":"https:\/\/kunsttherapie-himmelblau.de\/#breadcrumb","itemListElement":[{"@type":"ListItem","position":1,"name":"Startseite","item":"https:\/\/kunsttherapie-himmelblau.de\/"},{"@type":"ListItem","position":2,"name":"Startseite"}]},{"@type":"WebSite","@id":"https:\/\/kunsttherapie-himmelblau.de\/#website","url":"https:\/\/kunsttherapie-himmelblau.de\/","name":"Kunsttherapie Himmelblau","description":"Agnes Gerisch-Busch Kunsttherapie","potentialAction":[{"@type":"SearchAction","target":{"@type":"EntryPoint","urlTemplate":"https:\/\/kunsttherapie-himmelblau.de\/?s={search_term_string}"},"query-input":{"@type":"PropertyValueSpecification","valueRequired":true,"valueName":"search_term_string"}}],"inLanguage":"de"}]}},"jetpack_sharing_enabled":true,"_links":{"self":[{"href":"https:\/\/kunsttherapie-himmelblau.de\/index.php\/wp-json\/wp\/v2\/pages\/308","targetHints":{"allow":["GET"]}}],"collection":[{"href":"https:\/\/kunsttherapie-himmelblau.de\/index.php\/wp-json\/wp\/v2\/pages"}],"about":[{"href":"https:\/\/kunsttherapie-himmelblau.de\/index.php\/wp-json\/wp\/v2\/types\/page"}],"author":[{"embeddable":true,"href":"https:\/\/kunsttherapie-himmelblau.de\/index.php\/wp-json\/wp\/v2\/users\/1"}],"replies":[{"embeddable":true,"href":"https:\/\/kunsttherapie-himmelblau.de\/index.php\/wp-json\/wp\/v2\/comments?post=308"}],"version-history":[{"count":21,"href":"https:\/\/kunsttherapie-himmelblau.de\/index.php\/wp-json\/wp\/v2\/pages\/308\/revisions"}],"predecessor-version":[{"id":552,"href":"https:\/\/kunsttherapie-himmelblau.de\/index.php\/wp-json\/wp\/v2\/pages\/308\/revisions\/552"}],"wp:attachment":[{"href":"https:\/\/kunsttherapie-himmelblau.de\/index.php\/wp-json\/wp\/v2\/media?parent=308"}],"curies":[{"name":"wp","href":"https:\/\/api.w.org\/{rel}","templated":true}]}}