{"id":378,"date":"2022-11-14T16:52:32","date_gmt":"2022-11-14T16:52:32","guid":{"rendered":"https:\/\/kunsttherapie-himmelblau.de\/?page_id=378"},"modified":"2023-04-15T09:27:39","modified_gmt":"2023-04-15T09:27:39","slug":"ueber-mich-agnes-gerisch-busch","status":"publish","type":"page","link":"https:\/\/kunsttherapie-himmelblau.de\/index.php\/ueber-mich-agnes-gerisch-busch\/","title":{"rendered":"\u00dcber mich"},"content":{"rendered":"\n<div id=\"wp-block-themeisle-blocks-advanced-columns-38fec6d4\" class=\"wp-block-themeisle-blocks-advanced-columns has-1-columns has-desktop-equal-layout has-tablet-equal-layout has-mobile-equal-layout has-vertical-unset\"><div class=\"wp-block-themeisle-blocks-advanced-columns-overlay\"><\/div><div class=\"innerblocks-wrap\">\n<div id=\"wp-block-themeisle-blocks-advanced-column-dda15092\" class=\"wp-block-themeisle-blocks-advanced-column\"><\/div>\n<\/div><\/div>\n\n\n\n<div class=\"wp-block-columns is-layout-flex wp-container-core-columns-is-layout-9d6595d7 wp-block-columns-is-layout-flex\">\n<div class=\"wp-block-column is-layout-flow wp-block-column-is-layout-flow\" style=\"flex-basis:33.33%\">\n<figure class=\"wp-block-image size-large\"><img data-recalc-dims=\"1\" decoding=\"async\" width=\"682\" height=\"1024\" data-src=\"https:\/\/i0.wp.com\/kunsttherapie-himmelblau.de\/wp-content\/uploads\/2022\/12\/IMG_6437online-1.jpg?resize=682%2C1024&#038;ssl=1\" alt=\"Agnes Gerisch Busch Kunsttherapie Himmelblau\" class=\"wp-image-495 lazyload\" data-srcset=\"https:\/\/i0.wp.com\/kunsttherapie-himmelblau.de\/wp-content\/uploads\/2022\/12\/IMG_6437online-1.jpg?resize=682%2C1024&amp;ssl=1 682w, https:\/\/i0.wp.com\/kunsttherapie-himmelblau.de\/wp-content\/uploads\/2022\/12\/IMG_6437online-1.jpg?resize=200%2C300&amp;ssl=1 200w, https:\/\/i0.wp.com\/kunsttherapie-himmelblau.de\/wp-content\/uploads\/2022\/12\/IMG_6437online-1.jpg?resize=768%2C1152&amp;ssl=1 768w, https:\/\/i0.wp.com\/kunsttherapie-himmelblau.de\/wp-content\/uploads\/2022\/12\/IMG_6437online-1.jpg?resize=1024%2C1536&amp;ssl=1 1024w, https:\/\/i0.wp.com\/kunsttherapie-himmelblau.de\/wp-content\/uploads\/2022\/12\/IMG_6437online-1.jpg?w=1165&amp;ssl=1 1165w\" data-sizes=\"(max-width: 682px) 100vw, 682px\" src=\"data:image\/gif;base64,R0lGODlhAQABAAAAACH5BAEKAAEALAAAAAABAAEAAAICTAEAOw==\" style=\"--smush-placeholder-width: 682px; --smush-placeholder-aspect-ratio: 682\/1024;\" \/><\/figure>\n<\/div>\n\n\n\n<div class=\"wp-block-column is-layout-flow wp-block-column-is-layout-flow\" style=\"flex-basis:66.66%\">\n<h2 class=\"wp-block-heading has-neve-link-color-color has-text-color\">Agnes Gerisch-Busch<\/h2>\n\n\n\n<p>Ich bin 1963 in Freiburg im Breisgau geboren, habe vier Kinder und zwei Enkelinnen.<\/p>\n\n\n\n<p>Seit ich denken kann male, bastle und werkle ich und bin kreativ. Besonders spannend finde ich, verschiedene Dinge anders zu kombinieren und etwas Neues und Tolles entstehen zu lassen. Zum Beispiel aus alten Stoffen eine Patchworkdecke zu n\u00e4hen. Schon sehr lange arbeite ich k\u00fcnstlerisch mit therapeutischen Elementen in Selbsterfahrung.<\/p>\n\n\n\n<p>Ich gehe regelm\u00e4\u00dfig rudern. Dabei genie\u00dfe ich die Ruhe in der Natur sowie das&nbsp; Element Wasser. Die kraftvolle, gleichm\u00e4\u00dfige Bewegung im Gleichklang mit meinen Ruderkameraden entspannt mich sehr.<\/p>\n\n\n\n<p>Auch beim Wandern bin ich von der Kraft der Natur erf\u00fcllt und genie\u00dfe sowohl die kleinen Pflanzen und Tiere am Wegesrand als auch die Fernsicht zum Horizont.<\/p>\n\n\n\n<p>Das Tanzen erf\u00fcllt mich auch sehr. Beim Tango Argentino, Standard und Latein gefallen mir die Ausdrucksm\u00f6glichkeiten und die Kommunikation im Paar.<\/p>\n\n\n\n<p>Seit kurzem lerne ich Kontrabass spielen. Dies ist noch eine Herausforderung f\u00fcr meinen Geist und die Fingerfertigkeit.<\/p>\n<\/div>\n<\/div>\n\n\n\n<div class=\"wp-block-columns is-layout-flex wp-container-core-columns-is-layout-9d6595d7 wp-block-columns-is-layout-flex\">\n<div class=\"wp-block-column is-layout-flow wp-block-column-is-layout-flow\">\n<figure class=\"wp-block-image size-large\"><img data-recalc-dims=\"1\" decoding=\"async\" width=\"745\" height=\"1024\" data-src=\"https:\/\/i0.wp.com\/kunsttherapie-himmelblau.de\/wp-content\/uploads\/2022\/12\/Zertifikat-Kunsttherapeutin-agk-Seite-1-1-min.png?resize=745%2C1024&#038;ssl=1\" alt=\"\" class=\"wp-image-523 lazyload\" data-srcset=\"https:\/\/i0.wp.com\/kunsttherapie-himmelblau.de\/wp-content\/uploads\/2022\/12\/Zertifikat-Kunsttherapeutin-agk-Seite-1-1-min.png?resize=745%2C1024&amp;ssl=1 745w, https:\/\/i0.wp.com\/kunsttherapie-himmelblau.de\/wp-content\/uploads\/2022\/12\/Zertifikat-Kunsttherapeutin-agk-Seite-1-1-min.png?resize=218%2C300&amp;ssl=1 218w, https:\/\/i0.wp.com\/kunsttherapie-himmelblau.de\/wp-content\/uploads\/2022\/12\/Zertifikat-Kunsttherapeutin-agk-Seite-1-1-min.png?resize=768%2C1056&amp;ssl=1 768w, https:\/\/i0.wp.com\/kunsttherapie-himmelblau.de\/wp-content\/uploads\/2022\/12\/Zertifikat-Kunsttherapeutin-agk-Seite-1-1-min.png?resize=1117%2C1536&amp;ssl=1 1117w, https:\/\/i0.wp.com\/kunsttherapie-himmelblau.de\/wp-content\/uploads\/2022\/12\/Zertifikat-Kunsttherapeutin-agk-Seite-1-1-min.png?resize=1489%2C2048&amp;ssl=1 1489w, https:\/\/i0.wp.com\/kunsttherapie-himmelblau.de\/wp-content\/uploads\/2022\/12\/Zertifikat-Kunsttherapeutin-agk-Seite-1-1-min.png?w=2400&amp;ssl=1 2400w\" data-sizes=\"(max-width: 745px) 100vw, 745px\" src=\"data:image\/gif;base64,R0lGODlhAQABAAAAACH5BAEKAAEALAAAAAABAAEAAAICTAEAOw==\" style=\"--smush-placeholder-width: 745px; --smush-placeholder-aspect-ratio: 745\/1024;\" \/><\/figure>\n<\/div>\n\n\n\n<div class=\"wp-block-column is-layout-flow wp-block-column-is-layout-flow\">\n<figure class=\"wp-block-image size-large\"><img data-recalc-dims=\"1\" decoding=\"async\" width=\"745\" height=\"1024\" data-src=\"https:\/\/i0.wp.com\/kunsttherapie-himmelblau.de\/wp-content\/uploads\/2022\/12\/Zertifikat-Kunsttherapeutin-agk-Seite-2-1-min.png?resize=745%2C1024&#038;ssl=1\" alt=\"\" class=\"wp-image-525 lazyload\" data-srcset=\"https:\/\/i0.wp.com\/kunsttherapie-himmelblau.de\/wp-content\/uploads\/2022\/12\/Zertifikat-Kunsttherapeutin-agk-Seite-2-1-min.png?resize=745%2C1024&amp;ssl=1 745w, https:\/\/i0.wp.com\/kunsttherapie-himmelblau.de\/wp-content\/uploads\/2022\/12\/Zertifikat-Kunsttherapeutin-agk-Seite-2-1-min.png?resize=218%2C300&amp;ssl=1 218w, https:\/\/i0.wp.com\/kunsttherapie-himmelblau.de\/wp-content\/uploads\/2022\/12\/Zertifikat-Kunsttherapeutin-agk-Seite-2-1-min.png?resize=768%2C1056&amp;ssl=1 768w, https:\/\/i0.wp.com\/kunsttherapie-himmelblau.de\/wp-content\/uploads\/2022\/12\/Zertifikat-Kunsttherapeutin-agk-Seite-2-1-min.png?resize=1117%2C1536&amp;ssl=1 1117w, https:\/\/i0.wp.com\/kunsttherapie-himmelblau.de\/wp-content\/uploads\/2022\/12\/Zertifikat-Kunsttherapeutin-agk-Seite-2-1-min.png?resize=1489%2C2048&amp;ssl=1 1489w, https:\/\/i0.wp.com\/kunsttherapie-himmelblau.de\/wp-content\/uploads\/2022\/12\/Zertifikat-Kunsttherapeutin-agk-Seite-2-1-min.png?w=2400&amp;ssl=1 2400w\" data-sizes=\"(max-width: 745px) 100vw, 745px\" src=\"data:image\/gif;base64,R0lGODlhAQABAAAAACH5BAEKAAEALAAAAAABAAEAAAICTAEAOw==\" style=\"--smush-placeholder-width: 745px; --smush-placeholder-aspect-ratio: 745\/1024;\" \/><\/figure>\n<\/div>\n<\/div>\n","protected":false},"excerpt":{"rendered":"<p>Agnes Gerisch-Busch Ich bin 1963 in Freiburg im Breisgau geboren, habe vier Kinder und zwei Enkelinnen. Seit ich denken kann male, bastle und werkle ich und bin kreativ. Besonders spannend finde ich, verschiedene Dinge anders zu kombinieren und etwas Neues und Tolles entstehen zu lassen. Zum Beispiel aus alten Stoffen eine Patchworkdecke zu n\u00e4hen. Schon&hellip;&nbsp;<a href=\"https:\/\/kunsttherapie-himmelblau.de\/index.php\/ueber-mich-agnes-gerisch-busch\/\" class=\"\" rel=\"bookmark\">Weiterlesen &raquo;<span class=\"screen-reader-text\">\u00dcber mich<\/span><\/a><\/p>\n","protected":false},"author":1,"featured_media":0,"parent":0,"menu_order":0,"comment_status":"closed","ping_status":"closed","template":"","meta":{"neve_meta_sidebar":"","neve_meta_container":"","neve_meta_enable_content_width":"","neve_meta_content_width":0,"neve_meta_title_alignment":"","neve_meta_author_avatar":"","neve_post_elements_order":"","neve_meta_disable_header":"","neve_meta_disable_footer":"","neve_meta_disable_title":"","_themeisle_gutenberg_block_has_review":false,"footnotes":""},"class_list":["post-378","page","type-page","status-publish","hentry"],"yoast_head":"<!-- This site is optimized with the Yoast SEO plugin v25.2 - https:\/\/yoast.com\/wordpress\/plugins\/seo\/ -->\n<title>\u00dcber mich - Kunsttherapie Himmelblau<\/title>\n<meta name=\"description\" content=\"Agnes Gerisch-Busch stellt sich und Ihre Kunsttherapie Himmelblau vor. Finden Sie mehr \u00fcber die M\u00f6glichkeiten der Kunsttherapie heraus\" \/>\n<meta name=\"robots\" content=\"index, follow, max-snippet:-1, max-image-preview:large, max-video-preview:-1\" \/>\n<link rel=\"canonical\" href=\"https:\/\/kunsttherapie-himmelblau.de\/index.php\/ueber-mich-agnes-gerisch-busch\/\" \/>\n<meta property=\"og:locale\" content=\"de_DE\" \/>\n<meta property=\"og:type\" content=\"article\" \/>\n<meta property=\"og:title\" content=\"\u00dcber mich - Kunsttherapie Himmelblau\" \/>\n<meta property=\"og:description\" content=\"Agnes Gerisch-Busch stellt sich und Ihre Kunsttherapie Himmelblau vor. Finden Sie mehr \u00fcber die M\u00f6glichkeiten der Kunsttherapie heraus\" \/>\n<meta property=\"og:url\" content=\"https:\/\/kunsttherapie-himmelblau.de\/index.php\/ueber-mich-agnes-gerisch-busch\/\" \/>\n<meta property=\"og:site_name\" content=\"Kunsttherapie Himmelblau\" \/>\n<meta property=\"article:modified_time\" content=\"2023-04-15T09:27:39+00:00\" \/>\n<meta property=\"og:image\" content=\"https:\/\/kunsttherapie-himmelblau.de\/wp-content\/uploads\/2022\/12\/IMG_6437online-1-682x1024.jpg\" \/>\n<meta name=\"twitter:card\" content=\"summary_large_image\" \/>\n<meta name=\"twitter:label1\" content=\"Gesch\u00e4tzte Lesezeit\" \/>\n\t<meta name=\"twitter:data1\" content=\"2\u00a0Minuten\" \/>\n<script type=\"application\/ld+json\" class=\"yoast-schema-graph\">{\"@context\":\"https:\/\/schema.org\",\"@graph\":[{\"@type\":\"WebPage\",\"@id\":\"https:\/\/kunsttherapie-himmelblau.de\/index.php\/ueber-mich-agnes-gerisch-busch\/\",\"url\":\"https:\/\/kunsttherapie-himmelblau.de\/index.php\/ueber-mich-agnes-gerisch-busch\/\",\"name\":\"\u00dcber mich - Kunsttherapie Himmelblau\",\"isPartOf\":{\"@id\":\"https:\/\/kunsttherapie-himmelblau.de\/#website\"},\"primaryImageOfPage\":{\"@id\":\"https:\/\/kunsttherapie-himmelblau.de\/index.php\/ueber-mich-agnes-gerisch-busch\/#primaryimage\"},\"image\":{\"@id\":\"https:\/\/kunsttherapie-himmelblau.de\/index.php\/ueber-mich-agnes-gerisch-busch\/#primaryimage\"},\"thumbnailUrl\":\"https:\/\/kunsttherapie-himmelblau.de\/wp-content\/uploads\/2022\/12\/IMG_6437online-1-682x1024.jpg\",\"datePublished\":\"2022-11-14T16:52:32+00:00\",\"dateModified\":\"2023-04-15T09:27:39+00:00\",\"description\":\"Agnes Gerisch-Busch stellt sich und Ihre Kunsttherapie Himmelblau vor. Finden Sie mehr \u00fcber die M\u00f6glichkeiten der Kunsttherapie heraus\",\"breadcrumb\":{\"@id\":\"https:\/\/kunsttherapie-himmelblau.de\/index.php\/ueber-mich-agnes-gerisch-busch\/#breadcrumb\"},\"inLanguage\":\"de\",\"potentialAction\":[{\"@type\":\"ReadAction\",\"target\":[\"https:\/\/kunsttherapie-himmelblau.de\/index.php\/ueber-mich-agnes-gerisch-busch\/\"]}]},{\"@type\":\"ImageObject\",\"inLanguage\":\"de\",\"@id\":\"https:\/\/kunsttherapie-himmelblau.de\/index.php\/ueber-mich-agnes-gerisch-busch\/#primaryimage\",\"url\":\"https:\/\/i0.wp.com\/kunsttherapie-himmelblau.de\/wp-content\/uploads\/2022\/12\/IMG_6437online-1.jpg?fit=1165%2C1748&ssl=1\",\"contentUrl\":\"https:\/\/i0.wp.com\/kunsttherapie-himmelblau.de\/wp-content\/uploads\/2022\/12\/IMG_6437online-1.jpg?fit=1165%2C1748&ssl=1\",\"width\":1165,\"height\":1748},{\"@type\":\"BreadcrumbList\",\"@id\":\"https:\/\/kunsttherapie-himmelblau.de\/index.php\/ueber-mich-agnes-gerisch-busch\/#breadcrumb\",\"itemListElement\":[{\"@type\":\"ListItem\",\"position\":1,\"name\":\"Startseite\",\"item\":\"https:\/\/kunsttherapie-himmelblau.de\/\"},{\"@type\":\"ListItem\",\"position\":2,\"name\":\"\u00dcber mich\"}]},{\"@type\":\"WebSite\",\"@id\":\"https:\/\/kunsttherapie-himmelblau.de\/#website\",\"url\":\"https:\/\/kunsttherapie-himmelblau.de\/\",\"name\":\"Kunsttherapie Himmelblau\",\"description\":\"Agnes Gerisch-Busch Kunsttherapie\",\"potentialAction\":[{\"@type\":\"SearchAction\",\"target\":{\"@type\":\"EntryPoint\",\"urlTemplate\":\"https:\/\/kunsttherapie-himmelblau.de\/?s={search_term_string}\"},\"query-input\":{\"@type\":\"PropertyValueSpecification\",\"valueRequired\":true,\"valueName\":\"search_term_string\"}}],\"inLanguage\":\"de\"}]}<\/script>\n<!-- \/ Yoast SEO plugin. -->","yoast_head_json":{"title":"\u00dcber mich - Kunsttherapie Himmelblau","description":"Agnes Gerisch-Busch stellt sich und Ihre Kunsttherapie Himmelblau vor. Finden Sie mehr \u00fcber die M\u00f6glichkeiten der Kunsttherapie heraus","robots":{"index":"index","follow":"follow","max-snippet":"max-snippet:-1","max-image-preview":"max-image-preview:large","max-video-preview":"max-video-preview:-1"},"canonical":"https:\/\/kunsttherapie-himmelblau.de\/index.php\/ueber-mich-agnes-gerisch-busch\/","og_locale":"de_DE","og_type":"article","og_title":"\u00dcber mich - Kunsttherapie Himmelblau","og_description":"Agnes Gerisch-Busch stellt sich und Ihre Kunsttherapie Himmelblau vor. Finden Sie mehr \u00fcber die M\u00f6glichkeiten der Kunsttherapie heraus","og_url":"https:\/\/kunsttherapie-himmelblau.de\/index.php\/ueber-mich-agnes-gerisch-busch\/","og_site_name":"Kunsttherapie Himmelblau","article_modified_time":"2023-04-15T09:27:39+00:00","og_image":[{"url":"https:\/\/kunsttherapie-himmelblau.de\/wp-content\/uploads\/2022\/12\/IMG_6437online-1-682x1024.jpg","type":"","width":"","height":""}],"twitter_card":"summary_large_image","twitter_misc":{"Gesch\u00e4tzte Lesezeit":"2\u00a0Minuten"},"schema":{"@context":"https:\/\/schema.org","@graph":[{"@type":"WebPage","@id":"https:\/\/kunsttherapie-himmelblau.de\/index.php\/ueber-mich-agnes-gerisch-busch\/","url":"https:\/\/kunsttherapie-himmelblau.de\/index.php\/ueber-mich-agnes-gerisch-busch\/","name":"\u00dcber mich - Kunsttherapie Himmelblau","isPartOf":{"@id":"https:\/\/kunsttherapie-himmelblau.de\/#website"},"primaryImageOfPage":{"@id":"https:\/\/kunsttherapie-himmelblau.de\/index.php\/ueber-mich-agnes-gerisch-busch\/#primaryimage"},"image":{"@id":"https:\/\/kunsttherapie-himmelblau.de\/index.php\/ueber-mich-agnes-gerisch-busch\/#primaryimage"},"thumbnailUrl":"https:\/\/kunsttherapie-himmelblau.de\/wp-content\/uploads\/2022\/12\/IMG_6437online-1-682x1024.jpg","datePublished":"2022-11-14T16:52:32+00:00","dateModified":"2023-04-15T09:27:39+00:00","description":"Agnes Gerisch-Busch stellt sich und Ihre Kunsttherapie Himmelblau vor. Finden Sie mehr \u00fcber die M\u00f6glichkeiten der Kunsttherapie heraus","breadcrumb":{"@id":"https:\/\/kunsttherapie-himmelblau.de\/index.php\/ueber-mich-agnes-gerisch-busch\/#breadcrumb"},"inLanguage":"de","potentialAction":[{"@type":"ReadAction","target":["https:\/\/kunsttherapie-himmelblau.de\/index.php\/ueber-mich-agnes-gerisch-busch\/"]}]},{"@type":"ImageObject","inLanguage":"de","@id":"https:\/\/kunsttherapie-himmelblau.de\/index.php\/ueber-mich-agnes-gerisch-busch\/#primaryimage","url":"https:\/\/i0.wp.com\/kunsttherapie-himmelblau.de\/wp-content\/uploads\/2022\/12\/IMG_6437online-1.jpg?fit=1165%2C1748&ssl=1","contentUrl":"https:\/\/i0.wp.com\/kunsttherapie-himmelblau.de\/wp-content\/uploads\/2022\/12\/IMG_6437online-1.jpg?fit=1165%2C1748&ssl=1","width":1165,"height":1748},{"@type":"BreadcrumbList","@id":"https:\/\/kunsttherapie-himmelblau.de\/index.php\/ueber-mich-agnes-gerisch-busch\/#breadcrumb","itemListElement":[{"@type":"ListItem","position":1,"name":"Startseite","item":"https:\/\/kunsttherapie-himmelblau.de\/"},{"@type":"ListItem","position":2,"name":"\u00dcber mich"}]},{"@type":"WebSite","@id":"https:\/\/kunsttherapie-himmelblau.de\/#website","url":"https:\/\/kunsttherapie-himmelblau.de\/","name":"Kunsttherapie Himmelblau","description":"Agnes Gerisch-Busch Kunsttherapie","potentialAction":[{"@type":"SearchAction","target":{"@type":"EntryPoint","urlTemplate":"https:\/\/kunsttherapie-himmelblau.de\/?s={search_term_string}"},"query-input":{"@type":"PropertyValueSpecification","valueRequired":true,"valueName":"search_term_string"}}],"inLanguage":"de"}]}},"jetpack_sharing_enabled":true,"_links":{"self":[{"href":"https:\/\/kunsttherapie-himmelblau.de\/index.php\/wp-json\/wp\/v2\/pages\/378","targetHints":{"allow":["GET"]}}],"collection":[{"href":"https:\/\/kunsttherapie-himmelblau.de\/index.php\/wp-json\/wp\/v2\/pages"}],"about":[{"href":"https:\/\/kunsttherapie-himmelblau.de\/index.php\/wp-json\/wp\/v2\/types\/page"}],"author":[{"embeddable":true,"href":"https:\/\/kunsttherapie-himmelblau.de\/index.php\/wp-json\/wp\/v2\/users\/1"}],"replies":[{"embeddable":true,"href":"https:\/\/kunsttherapie-himmelblau.de\/index.php\/wp-json\/wp\/v2\/comments?post=378"}],"version-history":[{"count":9,"href":"https:\/\/kunsttherapie-himmelblau.de\/index.php\/wp-json\/wp\/v2\/pages\/378\/revisions"}],"predecessor-version":[{"id":528,"href":"https:\/\/kunsttherapie-himmelblau.de\/index.php\/wp-json\/wp\/v2\/pages\/378\/revisions\/528"}],"wp:attachment":[{"href":"https:\/\/kunsttherapie-himmelblau.de\/index.php\/wp-json\/wp\/v2\/media?parent=378"}],"curies":[{"name":"wp","href":"https:\/\/api.w.org\/{rel}","templated":true}]}}