{"id":381,"date":"2022-11-14T16:54:17","date_gmt":"2022-11-14T16:54:17","guid":{"rendered":"https:\/\/kunsttherapie-himmelblau.de\/?page_id=381"},"modified":"2025-06-06T15:54:32","modified_gmt":"2025-06-06T15:54:32","slug":"aktuelles","status":"publish","type":"page","link":"https:\/\/kunsttherapie-himmelblau.de\/index.php\/aktuelles\/","title":{"rendered":"Aktuelles"},"content":{"rendered":"\n<h2 class=\"wp-block-heading has-neve-link-color-color has-text-color\">Volkshochschul-Kurse Ergoldsbach<\/h2>\n\n\n\n<h3 class=\"wp-block-heading has-neve-link-hover-color-color has-text-color\">After-Work-Entspannung<\/h3>\n\n\n\n<div id=\"wp-block-themeisle-blocks-advanced-columns-3c5127fd\" class=\"wp-block-themeisle-blocks-advanced-columns has-2-columns has-desktop-equal-layout has-tablet-equal-layout has-mobile-equal-layout has-vertical-unset\"><div class=\"wp-block-themeisle-blocks-advanced-columns-overlay\"><\/div><div class=\"innerblocks-wrap\">\n<div id=\"wp-block-themeisle-blocks-advanced-column-6dcfa962\" class=\"wp-block-themeisle-blocks-advanced-column\"><\/div>\n\n\n\n<div id=\"wp-block-themeisle-blocks-advanced-column-3c118fe6\" class=\"wp-block-themeisle-blocks-advanced-column\"><\/div>\n<\/div><\/div>\n\n\n\n<div class=\"wp-block-media-text alignfull is-stacked-on-mobile is-vertically-aligned-center\"><figure class=\"wp-block-media-text__media\"><img data-recalc-dims=\"1\" decoding=\"async\" width=\"1024\" height=\"683\" data-src=\"https:\/\/i0.wp.com\/kunsttherapie-himmelblau.de\/wp-content\/uploads\/2022\/11\/dark-gbe1fe7a49_1920.jpg?resize=1024%2C683&#038;ssl=1\" alt=\"\" class=\"wp-image-441 size-full lazyload\" data-srcset=\"https:\/\/i0.wp.com\/kunsttherapie-himmelblau.de\/wp-content\/uploads\/2022\/11\/dark-gbe1fe7a49_1920.jpg?resize=1024%2C683&amp;ssl=1 1024w, https:\/\/i0.wp.com\/kunsttherapie-himmelblau.de\/wp-content\/uploads\/2022\/11\/dark-gbe1fe7a49_1920.jpg?resize=300%2C200&amp;ssl=1 300w, https:\/\/i0.wp.com\/kunsttherapie-himmelblau.de\/wp-content\/uploads\/2022\/11\/dark-gbe1fe7a49_1920.jpg?resize=768%2C512&amp;ssl=1 768w, https:\/\/i0.wp.com\/kunsttherapie-himmelblau.de\/wp-content\/uploads\/2022\/11\/dark-gbe1fe7a49_1920.jpg?resize=1536%2C1024&amp;ssl=1 1536w, https:\/\/i0.wp.com\/kunsttherapie-himmelblau.de\/wp-content\/uploads\/2022\/11\/dark-gbe1fe7a49_1920.jpg?resize=930%2C620&amp;ssl=1 930w, https:\/\/i0.wp.com\/kunsttherapie-himmelblau.de\/wp-content\/uploads\/2022\/11\/dark-gbe1fe7a49_1920.jpg?w=1920&amp;ssl=1 1920w\" data-sizes=\"(max-width: 1024px) 100vw, 1024px\" src=\"data:image\/gif;base64,R0lGODlhAQABAAAAACH5BAEKAAEALAAAAAABAAEAAAICTAEAOw==\" style=\"--smush-placeholder-width: 1024px; --smush-placeholder-aspect-ratio: 1024\/683;\" \/><\/figure><div class=\"wp-block-media-text__content\">\n<h3 class=\"wp-block-heading has-text-align-center has-text-color\" style=\"color:#000000\">&#8222;Kunst w\u00e4scht den Schmutz des Alltags von der Seele&#8220; (Picasso)<\/h3>\n\n\n\n<p>Ankommen im Kurs. Loslassen von den Erlebnissen in der Arbeit, im Haushalt und vom Alltag. Es wird die Farbe WEISS mit allen f\u00fcnf Sinnen erforscht. Das Land der Farben wird erkundet und kreativ gestaltet. <\/p>\n\n\n\n<p>\u00dcber das Jahr verteilt wird jeden Monat eine dazu passende Farbe mit allen f\u00fcnf Sinnen erforscht. Durch das bewusste Sehen, H\u00f6ren, Riechen Schmecken und Tasten kann Entspannung entstehen. W\u00e4hrend des kreativen Gestaltens mit verschiedenen Materialien werden Gef\u00fchle ausgedr\u00fcckt und es k\u00f6nnen neue F\u00e4higkeiten ausprobiert werden. Frei nach dem Motto von Picasso, die &#8222;Kunst w\u00e4scht den Schmutz des Alltags von der Seele&#8220;. Aber keine Angst, niemand muss Malen k\u00f6nnen. <\/p>\n\n\n\n<p>Gehen Sie achtsam durch Ihre Wohnung oder die Natur und bringen Sie einen Gegenstand in der Farbe des Monats mit.<\/p>\n\n\n\n<p>Folgetermine k\u00f6nnen vereinbart werden.<\/p>\n\n\n\n<p><\/p>\n\n\n\n<div class=\"wp-block-buttons is-layout-flex wp-block-buttons-is-layout-flex\">\n<div class=\"wp-block-button\"><a class=\"wp-block-button__link has-nv-dark-bg-color has-neve-link-color-background-color has-text-color has-background wp-element-button\" href=\"http:\/\/www.vhs-ergoldsbach.de\">ZUR ANMELDUNG<\/a><\/div>\n<\/div>\n<\/div><\/div>\n\n\n\n<div class=\"wp-block-media-text alignfull has-media-on-the-right is-stacked-on-mobile is-vertically-aligned-center\"><div class=\"wp-block-media-text__content\">\n<h3 class=\"wp-block-heading has-text-align-center has-text-color\" style=\"color:#000000\">Wir warten auf den Fr\u00fchling, <\/h3>\n\n\n\n<p class=\"has-text-align-center\"><strong>Malen f\u00fcr Kinder (6-11 Jahre)<\/strong><\/p>\n\n\n\n<p class=\"has-text-align-center\">Kurs: K4738<\/p>\n\n\n\n<p class=\"has-text-align-center\"><strong>Farbe: Gelb<\/strong><\/p>\n\n\n\n<p>Das Land der Farben wird erkundet und kreativ gestaltet. <\/p>\n\n\n\n<p>Wir locken mit bunten Blumen den Fr\u00fchling herbei. Mit verschiedenen Mal- und Basteltechniken entsehen einmalige Kunstwerke. <\/p>\n\n\n\n<p>Gelb kann positive oder auch negative Gef\u00fchle ausl\u00f6sen und wunderbar warm wie die Sonne wirken.<\/p>\n\n\n\n<p>Freitag, 31. Januar 2025, 15:30 Uhr bis 17:30 Uhr, vier Nachmittage<\/p>\n\n\n\n<div class=\"wp-block-buttons is-layout-flex wp-block-buttons-is-layout-flex\">\n<div class=\"wp-block-button\"><a class=\"wp-block-button__link has-nv-dark-bg-color has-neve-link-color-background-color has-text-color has-background wp-element-button\" href=\"http:\/\/www.vhs-ergoldsbach.de\">ZUR ANMELDUNG<\/a><\/div>\n<\/div>\n<\/div><figure class=\"wp-block-media-text__media\"><img data-recalc-dims=\"1\" decoding=\"async\" width=\"1024\" height=\"683\" data-src=\"https:\/\/i0.wp.com\/kunsttherapie-himmelblau.de\/wp-content\/uploads\/2022\/11\/yellow-g7f7009bc4_1920.jpg?resize=1024%2C683&#038;ssl=1\" alt=\"\" class=\"wp-image-443 size-full lazyload\" data-srcset=\"https:\/\/i0.wp.com\/kunsttherapie-himmelblau.de\/wp-content\/uploads\/2022\/11\/yellow-g7f7009bc4_1920.jpg?resize=1024%2C683&amp;ssl=1 1024w, https:\/\/i0.wp.com\/kunsttherapie-himmelblau.de\/wp-content\/uploads\/2022\/11\/yellow-g7f7009bc4_1920.jpg?resize=300%2C200&amp;ssl=1 300w, https:\/\/i0.wp.com\/kunsttherapie-himmelblau.de\/wp-content\/uploads\/2022\/11\/yellow-g7f7009bc4_1920.jpg?resize=768%2C512&amp;ssl=1 768w, https:\/\/i0.wp.com\/kunsttherapie-himmelblau.de\/wp-content\/uploads\/2022\/11\/yellow-g7f7009bc4_1920.jpg?resize=1536%2C1024&amp;ssl=1 1536w, https:\/\/i0.wp.com\/kunsttherapie-himmelblau.de\/wp-content\/uploads\/2022\/11\/yellow-g7f7009bc4_1920.jpg?resize=930%2C620&amp;ssl=1 930w, https:\/\/i0.wp.com\/kunsttherapie-himmelblau.de\/wp-content\/uploads\/2022\/11\/yellow-g7f7009bc4_1920.jpg?w=1920&amp;ssl=1 1920w\" data-sizes=\"(max-width: 1024px) 100vw, 1024px\" src=\"data:image\/gif;base64,R0lGODlhAQABAAAAACH5BAEKAAEALAAAAAABAAEAAAICTAEAOw==\" style=\"--smush-placeholder-width: 1024px; --smush-placeholder-aspect-ratio: 1024\/683;\" \/><\/figure><\/div>\n\n\n\n<div class=\"wp-block-media-text alignfull is-stacked-on-mobile is-vertically-aligned-center\"><figure class=\"wp-block-media-text__media\"><img data-recalc-dims=\"1\" decoding=\"async\" width=\"1024\" height=\"636\" data-src=\"https:\/\/i0.wp.com\/kunsttherapie-himmelblau.de\/wp-content\/uploads\/2022\/11\/fern-gf6243e57d_1920.jpg?resize=1024%2C636&#038;ssl=1\" alt=\"\" class=\"wp-image-444 size-full lazyload\" data-srcset=\"https:\/\/i0.wp.com\/kunsttherapie-himmelblau.de\/wp-content\/uploads\/2022\/11\/fern-gf6243e57d_1920.jpg?resize=1024%2C636&amp;ssl=1 1024w, https:\/\/i0.wp.com\/kunsttherapie-himmelblau.de\/wp-content\/uploads\/2022\/11\/fern-gf6243e57d_1920.jpg?resize=300%2C186&amp;ssl=1 300w, https:\/\/i0.wp.com\/kunsttherapie-himmelblau.de\/wp-content\/uploads\/2022\/11\/fern-gf6243e57d_1920.jpg?resize=768%2C477&amp;ssl=1 768w, https:\/\/i0.wp.com\/kunsttherapie-himmelblau.de\/wp-content\/uploads\/2022\/11\/fern-gf6243e57d_1920.jpg?resize=1536%2C954&amp;ssl=1 1536w, https:\/\/i0.wp.com\/kunsttherapie-himmelblau.de\/wp-content\/uploads\/2022\/11\/fern-gf6243e57d_1920.jpg?w=1920&amp;ssl=1 1920w\" data-sizes=\"(max-width: 1024px) 100vw, 1024px\" src=\"data:image\/gif;base64,R0lGODlhAQABAAAAACH5BAEKAAEALAAAAAABAAEAAAICTAEAOw==\" style=\"--smush-placeholder-width: 1024px; --smush-placeholder-aspect-ratio: 1024\/636;\" \/><\/figure><div class=\"wp-block-media-text__content\">\n<h3 class=\"wp-block-heading has-text-align-center has-text-color\" style=\"color:#000000\"><strong>Farbe: Gr\u00fcn<\/strong><\/h3>\n\n\n\n<p>Das Land der Farben wird erkundet und kreativ gestaltet. \u00dcber das Jahr verteilt wird jeden Monat eine dazu passende Farbe mit allen f\u00fcnf Sinnen erforscht. Durch das bewusste Sehen, H\u00f6ren, Riechen Schmecken und Tasten kann Entspannung entstehen. W\u00e4hrend des kreativen Gestaltens mit verschiedenen Materialien werden Gef\u00fchle ausgedr\u00fcckt und es k\u00f6nnen neue F\u00e4higkeiten ausprobiert werden. Frei nach dem Motto von Picasso, die &#8222;Kunst w\u00e4scht den Schmutz des Alltags von der Seele&#8220;. Aber keine Angst, niemand muss Malen k\u00f6nnen. Gehen Sie achtsam durch Ihre Wohnung oder die Natur und bringen Sie einen Gegenstand in der Farbe des Monats mit.<\/p>\n\n\n\n<p>Mandalas legen mit gr\u00fcnen, duftenden Bl\u00e4ttern aus Wald, Wiesen und Garten.<\/p>\n\n\n\n<p><\/p>\n\n\n\n<p class=\"has-text-align-center has-extra-small-font-size\"><\/p>\n\n\n\n<div class=\"wp-block-buttons is-layout-flex wp-block-buttons-is-layout-flex\"><\/div>\n<\/div><\/div>\n\n\n\n<div class=\"wp-block-media-text alignfull has-media-on-the-right is-stacked-on-mobile is-vertically-aligned-center\"><div class=\"wp-block-media-text__content\">\n<h3 class=\"wp-block-heading has-text-align-center has-text-color\" style=\"color:#000000\"><strong>Farbe: Blau<\/strong><\/h3>\n\n\n\n<p>Das Land der Farben wird erkundet und kreativ gestaltet. \u00dcber das Jahr verteilt wird jeden Monat eine dazu passende Farbe mit allen f\u00fcnf Sinnen erforscht. Durch das bewusste Sehen, H\u00f6ren, Riechen Schmecken und Tasten kann Entspannung entstehen. W\u00e4hrend des kreativen Gestaltens mit verschiedenen Materialien werden Gef\u00fchle ausgedr\u00fcckt und es k\u00f6nnen neue F\u00e4higkeiten ausprobiert werden. Frei nach dem Motto von Picasso, die &#8222;Kunst w\u00e4scht den Schmutz des Alltags von der Seele&#8220;. Aber keine Angst, niemand muss Malen k\u00f6nnen. Gehen Sie achtsam durch Ihre Wohnung oder die Natur und bringen Sie einen Gegenstand in der Farbe des Monats mit.<\/p>\n\n\n\n<p>Ups, oh je, ein blauer Tintenklecks! Und wie wird daraus ein sch\u00f6nes Bild?<\/p>\n\n\n\n<p>Bei sch\u00f6nem Wetter findet der Kurs im Freien statt.<\/p>\n\n\n\n<p><\/p>\n\n\n\n<div class=\"wp-block-buttons is-layout-flex wp-block-buttons-is-layout-flex\"><\/div>\n<\/div><figure class=\"wp-block-media-text__media\"><img data-recalc-dims=\"1\" decoding=\"async\" width=\"1024\" height=\"616\" data-src=\"https:\/\/i0.wp.com\/kunsttherapie-himmelblau.de\/wp-content\/uploads\/2022\/11\/mountains-gbca0387b2_1920.jpg?resize=1024%2C616&#038;ssl=1\" alt=\"\" class=\"wp-image-445 size-full lazyload\" data-srcset=\"https:\/\/i0.wp.com\/kunsttherapie-himmelblau.de\/wp-content\/uploads\/2022\/11\/mountains-gbca0387b2_1920.jpg?resize=1024%2C616&amp;ssl=1 1024w, https:\/\/i0.wp.com\/kunsttherapie-himmelblau.de\/wp-content\/uploads\/2022\/11\/mountains-gbca0387b2_1920.jpg?resize=300%2C180&amp;ssl=1 300w, https:\/\/i0.wp.com\/kunsttherapie-himmelblau.de\/wp-content\/uploads\/2022\/11\/mountains-gbca0387b2_1920.jpg?resize=768%2C462&amp;ssl=1 768w, https:\/\/i0.wp.com\/kunsttherapie-himmelblau.de\/wp-content\/uploads\/2022\/11\/mountains-gbca0387b2_1920.jpg?resize=1536%2C924&amp;ssl=1 1536w, https:\/\/i0.wp.com\/kunsttherapie-himmelblau.de\/wp-content\/uploads\/2022\/11\/mountains-gbca0387b2_1920.jpg?w=1920&amp;ssl=1 1920w\" data-sizes=\"(max-width: 1024px) 100vw, 1024px\" src=\"data:image\/gif;base64,R0lGODlhAQABAAAAACH5BAEKAAEALAAAAAABAAEAAAICTAEAOw==\" style=\"--smush-placeholder-width: 1024px; --smush-placeholder-aspect-ratio: 1024\/616;\" \/><\/figure><\/div>\n","protected":false},"excerpt":{"rendered":"<p>Volkshochschul-Kurse Ergoldsbach After-Work-Entspannung<\/p>\n","protected":false},"author":1,"featured_media":0,"parent":0,"menu_order":0,"comment_status":"closed","ping_status":"closed","template":"","meta":{"neve_meta_sidebar":"","neve_meta_container":"","neve_meta_enable_content_width":"","neve_meta_content_width":0,"neve_meta_title_alignment":"","neve_meta_author_avatar":"","neve_post_elements_order":"","neve_meta_disable_header":"","neve_meta_disable_footer":"","neve_meta_disable_title":"","_themeisle_gutenberg_block_has_review":false,"footnotes":""},"class_list":["post-381","page","type-page","status-publish","hentry"],"yoast_head":"<!-- This site is optimized with the Yoast SEO plugin v25.2 - https:\/\/yoast.com\/wordpress\/plugins\/seo\/ -->\n<title>Aktuelles - Kunsttherapie Himmelblau<\/title>\n<meta name=\"description\" content=\"In der Kunsttherapie Himmelblau von Agnes Gerisch-Busch gibt es vielf\u00e4ltige M\u00f6glichkeiten wie ihnen Kunsttherapie in Ihrem Leben helfen kann\" \/>\n<meta name=\"robots\" content=\"index, follow, max-snippet:-1, max-image-preview:large, max-video-preview:-1\" \/>\n<link rel=\"canonical\" href=\"https:\/\/kunsttherapie-himmelblau.de\/index.php\/aktuelles\/\" \/>\n<meta property=\"og:locale\" content=\"de_DE\" \/>\n<meta property=\"og:type\" content=\"article\" \/>\n<meta property=\"og:title\" content=\"Aktuelles - Kunsttherapie Himmelblau\" \/>\n<meta property=\"og:description\" content=\"In der Kunsttherapie Himmelblau von Agnes Gerisch-Busch gibt es vielf\u00e4ltige M\u00f6glichkeiten wie ihnen Kunsttherapie in Ihrem Leben helfen kann\" \/>\n<meta property=\"og:url\" content=\"https:\/\/kunsttherapie-himmelblau.de\/index.php\/aktuelles\/\" \/>\n<meta property=\"og:site_name\" content=\"Kunsttherapie Himmelblau\" \/>\n<meta property=\"article:modified_time\" content=\"2025-06-06T15:54:32+00:00\" \/>\n<meta property=\"og:image\" content=\"https:\/\/kunsttherapie-himmelblau.de\/wp-content\/uploads\/2022\/11\/dark-gbe1fe7a49_1920-1024x683.jpg\" \/>\n<meta name=\"twitter:card\" content=\"summary_large_image\" \/>\n<meta name=\"twitter:label1\" content=\"Gesch\u00e4tzte Lesezeit\" \/>\n\t<meta name=\"twitter:data1\" content=\"4\u00a0Minuten\" \/>\n<script type=\"application\/ld+json\" class=\"yoast-schema-graph\">{\"@context\":\"https:\/\/schema.org\",\"@graph\":[{\"@type\":\"WebPage\",\"@id\":\"https:\/\/kunsttherapie-himmelblau.de\/index.php\/aktuelles\/\",\"url\":\"https:\/\/kunsttherapie-himmelblau.de\/index.php\/aktuelles\/\",\"name\":\"Aktuelles - Kunsttherapie Himmelblau\",\"isPartOf\":{\"@id\":\"https:\/\/kunsttherapie-himmelblau.de\/#website\"},\"primaryImageOfPage\":{\"@id\":\"https:\/\/kunsttherapie-himmelblau.de\/index.php\/aktuelles\/#primaryimage\"},\"image\":{\"@id\":\"https:\/\/kunsttherapie-himmelblau.de\/index.php\/aktuelles\/#primaryimage\"},\"thumbnailUrl\":\"https:\/\/kunsttherapie-himmelblau.de\/wp-content\/uploads\/2022\/11\/dark-gbe1fe7a49_1920-1024x683.jpg\",\"datePublished\":\"2022-11-14T16:54:17+00:00\",\"dateModified\":\"2025-06-06T15:54:32+00:00\",\"description\":\"In der Kunsttherapie Himmelblau von Agnes Gerisch-Busch gibt es vielf\u00e4ltige M\u00f6glichkeiten wie ihnen Kunsttherapie in Ihrem Leben helfen kann\",\"breadcrumb\":{\"@id\":\"https:\/\/kunsttherapie-himmelblau.de\/index.php\/aktuelles\/#breadcrumb\"},\"inLanguage\":\"de\",\"potentialAction\":[{\"@type\":\"ReadAction\",\"target\":[\"https:\/\/kunsttherapie-himmelblau.de\/index.php\/aktuelles\/\"]}]},{\"@type\":\"ImageObject\",\"inLanguage\":\"de\",\"@id\":\"https:\/\/kunsttherapie-himmelblau.de\/index.php\/aktuelles\/#primaryimage\",\"url\":\"https:\/\/i0.wp.com\/kunsttherapie-himmelblau.de\/wp-content\/uploads\/2022\/11\/dark-gbe1fe7a49_1920.jpg?fit=1920%2C1280&ssl=1\",\"contentUrl\":\"https:\/\/i0.wp.com\/kunsttherapie-himmelblau.de\/wp-content\/uploads\/2022\/11\/dark-gbe1fe7a49_1920.jpg?fit=1920%2C1280&ssl=1\",\"width\":1920,\"height\":1280},{\"@type\":\"BreadcrumbList\",\"@id\":\"https:\/\/kunsttherapie-himmelblau.de\/index.php\/aktuelles\/#breadcrumb\",\"itemListElement\":[{\"@type\":\"ListItem\",\"position\":1,\"name\":\"Startseite\",\"item\":\"https:\/\/kunsttherapie-himmelblau.de\/\"},{\"@type\":\"ListItem\",\"position\":2,\"name\":\"Aktuelles\"}]},{\"@type\":\"WebSite\",\"@id\":\"https:\/\/kunsttherapie-himmelblau.de\/#website\",\"url\":\"https:\/\/kunsttherapie-himmelblau.de\/\",\"name\":\"Kunsttherapie Himmelblau\",\"description\":\"Agnes Gerisch-Busch Kunsttherapie\",\"potentialAction\":[{\"@type\":\"SearchAction\",\"target\":{\"@type\":\"EntryPoint\",\"urlTemplate\":\"https:\/\/kunsttherapie-himmelblau.de\/?s={search_term_string}\"},\"query-input\":{\"@type\":\"PropertyValueSpecification\",\"valueRequired\":true,\"valueName\":\"search_term_string\"}}],\"inLanguage\":\"de\"}]}<\/script>\n<!-- \/ Yoast SEO plugin. -->","yoast_head_json":{"title":"Aktuelles - Kunsttherapie Himmelblau","description":"In der Kunsttherapie Himmelblau von Agnes Gerisch-Busch gibt es vielf\u00e4ltige M\u00f6glichkeiten wie ihnen Kunsttherapie in Ihrem Leben helfen kann","robots":{"index":"index","follow":"follow","max-snippet":"max-snippet:-1","max-image-preview":"max-image-preview:large","max-video-preview":"max-video-preview:-1"},"canonical":"https:\/\/kunsttherapie-himmelblau.de\/index.php\/aktuelles\/","og_locale":"de_DE","og_type":"article","og_title":"Aktuelles - Kunsttherapie Himmelblau","og_description":"In der Kunsttherapie Himmelblau von Agnes Gerisch-Busch gibt es vielf\u00e4ltige M\u00f6glichkeiten wie ihnen Kunsttherapie in Ihrem Leben helfen kann","og_url":"https:\/\/kunsttherapie-himmelblau.de\/index.php\/aktuelles\/","og_site_name":"Kunsttherapie Himmelblau","article_modified_time":"2025-06-06T15:54:32+00:00","og_image":[{"url":"https:\/\/kunsttherapie-himmelblau.de\/wp-content\/uploads\/2022\/11\/dark-gbe1fe7a49_1920-1024x683.jpg","type":"","width":"","height":""}],"twitter_card":"summary_large_image","twitter_misc":{"Gesch\u00e4tzte Lesezeit":"4\u00a0Minuten"},"schema":{"@context":"https:\/\/schema.org","@graph":[{"@type":"WebPage","@id":"https:\/\/kunsttherapie-himmelblau.de\/index.php\/aktuelles\/","url":"https:\/\/kunsttherapie-himmelblau.de\/index.php\/aktuelles\/","name":"Aktuelles - Kunsttherapie Himmelblau","isPartOf":{"@id":"https:\/\/kunsttherapie-himmelblau.de\/#website"},"primaryImageOfPage":{"@id":"https:\/\/kunsttherapie-himmelblau.de\/index.php\/aktuelles\/#primaryimage"},"image":{"@id":"https:\/\/kunsttherapie-himmelblau.de\/index.php\/aktuelles\/#primaryimage"},"thumbnailUrl":"https:\/\/kunsttherapie-himmelblau.de\/wp-content\/uploads\/2022\/11\/dark-gbe1fe7a49_1920-1024x683.jpg","datePublished":"2022-11-14T16:54:17+00:00","dateModified":"2025-06-06T15:54:32+00:00","description":"In der Kunsttherapie Himmelblau von Agnes Gerisch-Busch gibt es vielf\u00e4ltige M\u00f6glichkeiten wie ihnen Kunsttherapie in Ihrem Leben helfen kann","breadcrumb":{"@id":"https:\/\/kunsttherapie-himmelblau.de\/index.php\/aktuelles\/#breadcrumb"},"inLanguage":"de","potentialAction":[{"@type":"ReadAction","target":["https:\/\/kunsttherapie-himmelblau.de\/index.php\/aktuelles\/"]}]},{"@type":"ImageObject","inLanguage":"de","@id":"https:\/\/kunsttherapie-himmelblau.de\/index.php\/aktuelles\/#primaryimage","url":"https:\/\/i0.wp.com\/kunsttherapie-himmelblau.de\/wp-content\/uploads\/2022\/11\/dark-gbe1fe7a49_1920.jpg?fit=1920%2C1280&ssl=1","contentUrl":"https:\/\/i0.wp.com\/kunsttherapie-himmelblau.de\/wp-content\/uploads\/2022\/11\/dark-gbe1fe7a49_1920.jpg?fit=1920%2C1280&ssl=1","width":1920,"height":1280},{"@type":"BreadcrumbList","@id":"https:\/\/kunsttherapie-himmelblau.de\/index.php\/aktuelles\/#breadcrumb","itemListElement":[{"@type":"ListItem","position":1,"name":"Startseite","item":"https:\/\/kunsttherapie-himmelblau.de\/"},{"@type":"ListItem","position":2,"name":"Aktuelles"}]},{"@type":"WebSite","@id":"https:\/\/kunsttherapie-himmelblau.de\/#website","url":"https:\/\/kunsttherapie-himmelblau.de\/","name":"Kunsttherapie Himmelblau","description":"Agnes Gerisch-Busch Kunsttherapie","potentialAction":[{"@type":"SearchAction","target":{"@type":"EntryPoint","urlTemplate":"https:\/\/kunsttherapie-himmelblau.de\/?s={search_term_string}"},"query-input":{"@type":"PropertyValueSpecification","valueRequired":true,"valueName":"search_term_string"}}],"inLanguage":"de"}]}},"jetpack_sharing_enabled":true,"_links":{"self":[{"href":"https:\/\/kunsttherapie-himmelblau.de\/index.php\/wp-json\/wp\/v2\/pages\/381","targetHints":{"allow":["GET"]}}],"collection":[{"href":"https:\/\/kunsttherapie-himmelblau.de\/index.php\/wp-json\/wp\/v2\/pages"}],"about":[{"href":"https:\/\/kunsttherapie-himmelblau.de\/index.php\/wp-json\/wp\/v2\/types\/page"}],"author":[{"embeddable":true,"href":"https:\/\/kunsttherapie-himmelblau.de\/index.php\/wp-json\/wp\/v2\/users\/1"}],"replies":[{"embeddable":true,"href":"https:\/\/kunsttherapie-himmelblau.de\/index.php\/wp-json\/wp\/v2\/comments?post=381"}],"version-history":[{"count":7,"href":"https:\/\/kunsttherapie-himmelblau.de\/index.php\/wp-json\/wp\/v2\/pages\/381\/revisions"}],"predecessor-version":[{"id":539,"href":"https:\/\/kunsttherapie-himmelblau.de\/index.php\/wp-json\/wp\/v2\/pages\/381\/revisions\/539"}],"wp:attachment":[{"href":"https:\/\/kunsttherapie-himmelblau.de\/index.php\/wp-json\/wp\/v2\/media?parent=381"}],"curies":[{"name":"wp","href":"https:\/\/api.w.org\/{rel}","templated":true}]}}