{"id":433,"date":"2022-11-22T17:06:50","date_gmt":"2022-11-22T17:06:50","guid":{"rendered":"https:\/\/kunsttherapie-himmelblau.de\/?page_id=433"},"modified":"2022-12-28T10:36:59","modified_gmt":"2022-12-28T10:36:59","slug":"bisherige-projekte-kunsttherapie-himmelblau","status":"publish","type":"page","link":"https:\/\/kunsttherapie-himmelblau.de\/index.php\/bisherige-projekte-kunsttherapie-himmelblau\/","title":{"rendered":"Bisherige Projekte"},"content":{"rendered":"\n<h2 class=\"has-text-align-center has-neve-link-color-color has-text-color wp-block-heading\">Bevor ich sterbe, m\u00f6chte ich&#8230;<\/h2>\n\n\n\n<div class=\"wp-block-columns is-layout-flex wp-container-core-columns-is-layout-9d6595d7 wp-block-columns-is-layout-flex\">\n<div class=\"wp-block-column is-layout-flow wp-block-column-is-layout-flow\" style=\"flex-basis:33.33%\">\n<div id=\"wp-block-themeisle-blocks-slider-c4aa5c74\" class=\"wp-block-themeisle-blocks-slider glide\" data-per-view=\"1\" data-gap=\"0\" data-peek=\"0\" data-autoplay=\"9000\" data-height=\"400px\" data-hide-arrows=\"false\"><div class=\"glide__track\" data-glide-el=\"track\"><div class=\"glide__slides\"><div class=\"wp-block-themeisle-blocks-slider-item-wrapper glide__slide\" tabindex=\"0\"><figure><img data-recalc-dims=\"1\" decoding=\"async\" class=\"wp-block-themeisle-blocks-slider-item lazyload\" data-src=\"https:\/\/i0.wp.com\/kunsttherapie-himmelblau.de\/wp-content\/uploads\/2022\/11\/Bildertafeln-bei-Buchhandlung-Kindsmueller-IMG_20221017_1036011-scaled.jpg?w=1200&#038;ssl=1\" alt=\"\" title=\"\" data-id=\"470\" src=\"data:image\/gif;base64,R0lGODlhAQABAAAAACH5BAEKAAEALAAAAAABAAEAAAICTAEAOw==\" \/><\/figure><\/div><div class=\"wp-block-themeisle-blocks-slider-item-wrapper glide__slide\" tabindex=\"0\"><figure><img data-recalc-dims=\"1\" decoding=\"async\" class=\"wp-block-themeisle-blocks-slider-item lazyload\" data-src=\"https:\/\/i0.wp.com\/kunsttherapie-himmelblau.de\/wp-content\/uploads\/2022\/12\/IMG_20221019_174335-scaled.jpg?w=1200&#038;ssl=1\" alt=\"\" title=\"\" data-id=\"483\" src=\"data:image\/gif;base64,R0lGODlhAQABAAAAACH5BAEKAAEALAAAAAABAAEAAAICTAEAOw==\" \/><\/figure><\/div><div class=\"wp-block-themeisle-blocks-slider-item-wrapper glide__slide\" tabindex=\"0\"><figure><img data-recalc-dims=\"1\" decoding=\"async\" class=\"wp-block-themeisle-blocks-slider-item lazyload\" data-src=\"https:\/\/i0.wp.com\/kunsttherapie-himmelblau.de\/wp-content\/uploads\/2022\/12\/IMG_20221018_125341-scaled.jpg?w=1200&#038;ssl=1\" alt=\"\" title=\"\" data-id=\"482\" src=\"data:image\/gif;base64,R0lGODlhAQABAAAAACH5BAEKAAEALAAAAAABAAEAAAICTAEAOw==\" \/><\/figure><\/div><\/div><div class=\"glide__bullets\" data-glide-el=\"controls[nav]\"><button class=\"glide__bullet\" data-glide-dir=\"=0\"><\/button><button class=\"glide__bullet\" data-glide-dir=\"=1\"><\/button><button class=\"glide__bullet\" data-glide-dir=\"=2\"><\/button><\/div><\/div><\/div>\n<\/div>\n\n\n\n<div class=\"wp-block-column is-layout-flow wp-block-column-is-layout-flow\" style=\"flex-basis:66.67%\">\n<p>Die Kunsttherapeutin Agnes Gerisch-Busch holt die Installation&nbsp; \u201e<em>bevor I die<\/em>\u2026\u201c nach Ergoldsbach und pr\u00e4sentiert sie vor der Buchhandlung Kindsm\u00fcller.&nbsp; Aus Anlass des j\u00e4hrlich stattfindenden Welthospiztags erm\u00f6glicht diese Aktion das Hospiz- und Palliativnetzwerk Landshut. Die Ursprungsidee stammt von der K\u00fcnstlerin Candy Chang.<\/p>\n\n\n\n<p>Das interaktive Kunstprojekt besteht aus mehreren schwarzen Tafeln, auf denen man mit gew\u00f6hnlicher Kreide den Halbsatz: <em>Bevor ich sterbe, m\u00f6chte ich\u2026.<\/em> &nbsp; nach eigenen Vorstellungen erg\u00e4nzen kann.&nbsp; Dadurch entsteht das Angebot an jeden Besucher, sich \u00fcber die wichtigen Dinge im Leben Gedanken zu machen. Was m\u00f6chte ich noch erleben? Welche Tr\u00e4ume m\u00f6chte ich noch umsetzen? Was m\u00f6chte ich gerne abschlie\u00dfen und loslassen? Was m\u00f6chte ich noch kl\u00e4ren? Mit wem m\u00f6chte ich mich noch aussprechen und vers\u00f6hnen? Bei wem m\u00f6chte ich mich erkl\u00e4ren und entschuldigen? Und, und, und\u2026 Dabei geht es nicht darum eine lange Liste an Lebenszielen durchzuhecheln und abzuhaken. Sondern es geht darum zu \u00fcberlegen, was w\u00fcrde man am Lebensende bereuen, wenn man es nicht getan h\u00e4tte. F\u00fcr jeden ist etwas anderes wichtig, deshalb gibt es kein Richtig und Falsch. Und das ist gut so.<\/p>\n\n\n\n<p>Man kann nat\u00fcrlich auch einfach nur so vorbei spazieren und lesen, was die anderen geschrieben haben. Auch dadurch beginnen die Gedankeng\u00e4nge zu arbeiten.<\/p>\n\n\n\n<p>Die Tafeln stehen von Montag, 17. Oktober 2022 in der Fr\u00fch bis zum Mittwoch Nachmittag 19. Oktober 2022 tags\u00fcber vor der Buchhandlung Kindsm\u00fcller in der Hauptstra\u00dfe 36, 84061 Ergoldsbach. Bei&nbsp; Bedarf sind auch Gespr\u00e4che m\u00f6glich.<\/p>\n<\/div>\n<\/div>\n\n\n\n<div style=\"height:41px\" aria-hidden=\"true\" class=\"wp-block-spacer\"><\/div>\n\n\n\n<div id=\"wp-block-themeisle-blocks-advanced-columns-5b895a1a\" class=\"wp-block-themeisle-blocks-advanced-columns has-1-columns has-desktop-equal-layout has-tablet-equal-layout has-mobile-equal-layout has-vertical-unset\"><div class=\"wp-block-themeisle-blocks-advanced-columns-overlay\"><\/div><div class=\"innerblocks-wrap\">\n<div id=\"wp-block-themeisle-blocks-advanced-column-1f566ccc\" class=\"wp-block-themeisle-blocks-advanced-column\">\n<h2 class=\"has-text-align-center has-neve-link-color-color has-text-color wp-block-heading\">Lebendiger Adventskalender<\/h2>\n\n\n\n<div style=\"height:25px\" aria-hidden=\"true\" class=\"wp-block-spacer\"><\/div>\n<\/div>\n<\/div><\/div>\n\n\n\n<div class=\"wp-block-columns is-layout-flex wp-container-core-columns-is-layout-9d6595d7 wp-block-columns-is-layout-flex\">\n<div class=\"wp-block-column is-layout-flow wp-block-column-is-layout-flow\" style=\"flex-basis:66.66%\">\n<div style=\"height:86px\" aria-hidden=\"true\" class=\"wp-block-spacer\"><\/div>\n\n\n\n<ul class=\"wp-block-list\">\n<li>21. Dezember 2021<\/li>\n\n\n\n<li>Welche W\u00fcnsche oder Ziele habe ich?<\/li>\n\n\n\n<li>Welche seelischen Bed\u00fcrfnisse m\u00f6chte ich gestillt haben?<\/li>\n\n\n\n<li>Was hilft mir zu wachsen und stark zu werden?<\/li>\n<\/ul>\n<\/div>\n\n\n\n<div class=\"wp-block-column is-layout-flow wp-block-column-is-layout-flow\" style=\"flex-basis:33.33%\">\n<div id=\"wp-block-themeisle-blocks-slider-9871f462\" class=\"wp-block-themeisle-blocks-slider glide\" data-per-view=\"1\" data-gap=\"0\" data-peek=\"0\" data-autoplay=\"true\" data-height=\"400px\" data-hide-arrows=\"false\"><div class=\"glide__track\" data-glide-el=\"track\"><div class=\"glide__slides\"><div class=\"wp-block-themeisle-blocks-slider-item-wrapper glide__slide\" tabindex=\"0\"><figure><img data-recalc-dims=\"1\" decoding=\"async\" class=\"wp-block-themeisle-blocks-slider-item lazyload\" data-src=\"https:\/\/i0.wp.com\/kunsttherapie-himmelblau.de\/wp-content\/uploads\/2022\/11\/Lebendiger-Adventskalender-scaled.jpg?w=1200&#038;ssl=1\" alt=\"\" title=\"\" data-id=\"453\" src=\"data:image\/gif;base64,R0lGODlhAQABAAAAACH5BAEKAAEALAAAAAABAAEAAAICTAEAOw==\" \/><\/figure><\/div><div class=\"wp-block-themeisle-blocks-slider-item-wrapper glide__slide\" tabindex=\"0\"><figure><img data-recalc-dims=\"1\" decoding=\"async\" class=\"wp-block-themeisle-blocks-slider-item lazyload\" data-src=\"https:\/\/i0.wp.com\/kunsttherapie-himmelblau.de\/wp-content\/uploads\/2022\/11\/Ein-Wunsch-soll-wachsen-scaled.jpg?w=1200&#038;ssl=1\" alt=\"\" title=\"\" data-id=\"454\" src=\"data:image\/gif;base64,R0lGODlhAQABAAAAACH5BAEKAAEALAAAAAABAAEAAAICTAEAOw==\" \/><\/figure><\/div><div class=\"wp-block-themeisle-blocks-slider-item-wrapper glide__slide\" tabindex=\"0\"><figure><img data-recalc-dims=\"1\" decoding=\"async\" class=\"wp-block-themeisle-blocks-slider-item lazyload\" data-src=\"https:\/\/i0.wp.com\/kunsttherapie-himmelblau.de\/wp-content\/uploads\/2022\/11\/IMG_20211220_181258-scaled.jpg?w=1200&#038;ssl=1\" alt=\"\" title=\"\" data-id=\"449\" src=\"data:image\/gif;base64,R0lGODlhAQABAAAAACH5BAEKAAEALAAAAAABAAEAAAICTAEAOw==\" \/><\/figure><\/div><div class=\"wp-block-themeisle-blocks-slider-item-wrapper glide__slide\" tabindex=\"0\"><figure><img data-recalc-dims=\"1\" decoding=\"async\" class=\"wp-block-themeisle-blocks-slider-item lazyload\" data-src=\"https:\/\/i0.wp.com\/kunsttherapie-himmelblau.de\/wp-content\/uploads\/2022\/11\/IMG_20211220_181337-scaled.jpg?w=1200&#038;ssl=1\" alt=\"\" title=\"\" data-id=\"450\" src=\"data:image\/gif;base64,R0lGODlhAQABAAAAACH5BAEKAAEALAAAAAABAAEAAAICTAEAOw==\" \/><\/figure><\/div><div class=\"wp-block-themeisle-blocks-slider-item-wrapper glide__slide\" tabindex=\"0\"><figure><img data-recalc-dims=\"1\" decoding=\"async\" class=\"wp-block-themeisle-blocks-slider-item lazyload\" data-src=\"https:\/\/i0.wp.com\/kunsttherapie-himmelblau.de\/wp-content\/uploads\/2022\/11\/IMG_20211220_181400-scaled.jpg?w=1200&#038;ssl=1\" alt=\"\" title=\"\" data-id=\"451\" src=\"data:image\/gif;base64,R0lGODlhAQABAAAAACH5BAEKAAEALAAAAAABAAEAAAICTAEAOw==\" \/><\/figure><\/div><div class=\"wp-block-themeisle-blocks-slider-item-wrapper glide__slide\" tabindex=\"0\"><figure><img data-recalc-dims=\"1\" decoding=\"async\" class=\"wp-block-themeisle-blocks-slider-item lazyload\" data-src=\"https:\/\/i0.wp.com\/kunsttherapie-himmelblau.de\/wp-content\/uploads\/2022\/11\/IMG_20211220_181445-scaled.jpg?w=1200&#038;ssl=1\" alt=\"\" title=\"\" data-id=\"452\" src=\"data:image\/gif;base64,R0lGODlhAQABAAAAACH5BAEKAAEALAAAAAABAAEAAAICTAEAOw==\" \/><\/figure><\/div><\/div><div class=\"glide__bullets\" data-glide-el=\"controls[nav]\"><button class=\"glide__bullet\" data-glide-dir=\"=0\"><\/button><button class=\"glide__bullet\" data-glide-dir=\"=1\"><\/button><button class=\"glide__bullet\" data-glide-dir=\"=2\"><\/button><button class=\"glide__bullet\" data-glide-dir=\"=3\"><\/button><button class=\"glide__bullet\" data-glide-dir=\"=4\"><\/button><button class=\"glide__bullet\" data-glide-dir=\"=5\"><\/button><\/div><\/div><\/div>\n<\/div>\n<\/div>\n\n\n\n<div style=\"height:75px\" aria-hidden=\"true\" class=\"wp-block-spacer\"><\/div>\n\n\n\n<h2 class=\"has-text-align-center has-neve-link-hover-color-color has-text-color wp-block-heading\">Ferienprogramme im Jugendzentrum<\/h2>\n\n\n\n<div style=\"height:25px\" aria-hidden=\"true\" class=\"wp-block-spacer\"><\/div>\n\n\n\n<div class=\"wp-block-columns is-layout-flex wp-container-core-columns-is-layout-9d6595d7 wp-block-columns-is-layout-flex\">\n<div class=\"wp-block-column is-layout-flow wp-block-column-is-layout-flow\" style=\"flex-basis:33.33%\">\n<div id=\"wp-block-themeisle-blocks-slider-f83b6694\" class=\"wp-block-themeisle-blocks-slider glide\" data-per-view=\"1\" data-gap=\"0\" data-peek=\"0\" data-autoplay=\"8000\" data-height=\"400px\" data-hide-arrows=\"false\"><div class=\"glide__track\" data-glide-el=\"track\"><div class=\"glide__slides\"><div class=\"wp-block-themeisle-blocks-slider-item-wrapper glide__slide\" tabindex=\"0\"><figure><img data-recalc-dims=\"1\" decoding=\"async\" class=\"wp-block-themeisle-blocks-slider-item lazyload\" data-src=\"https:\/\/i0.wp.com\/kunsttherapie-himmelblau.de\/wp-content\/uploads\/2022\/12\/IMG_20220527_180554-scaled.jpg?w=1200&#038;ssl=1\" alt=\"\" title=\"\" data-id=\"475\" src=\"data:image\/gif;base64,R0lGODlhAQABAAAAACH5BAEKAAEALAAAAAABAAEAAAICTAEAOw==\" \/><\/figure><\/div><div class=\"wp-block-themeisle-blocks-slider-item-wrapper glide__slide\" tabindex=\"0\"><figure><img data-recalc-dims=\"1\" decoding=\"async\" class=\"wp-block-themeisle-blocks-slider-item lazyload\" data-src=\"https:\/\/i0.wp.com\/kunsttherapie-himmelblau.de\/wp-content\/uploads\/2022\/11\/Ferienprogramm-im-Jugendzentrum-scaled.jpg?w=1200&#038;ssl=1\" alt=\"\" title=\"\" data-id=\"469\" src=\"data:image\/gif;base64,R0lGODlhAQABAAAAACH5BAEKAAEALAAAAAABAAEAAAICTAEAOw==\" \/><\/figure><\/div><\/div><div class=\"glide__bullets\" data-glide-el=\"controls[nav]\"><button class=\"glide__bullet\" data-glide-dir=\"=0\"><\/button><button class=\"glide__bullet\" data-glide-dir=\"=1\"><\/button><\/div><\/div><\/div>\n<\/div>\n\n\n\n<div class=\"wp-block-column is-layout-flow wp-block-column-is-layout-flow\" style=\"flex-basis:66.66%\">\n<div style=\"height:31px\" aria-hidden=\"true\" class=\"wp-block-spacer\"><\/div>\n\n\n\n<ul class=\"wp-block-list\">\n<li>August 2021 und 2022<\/li>\n\n\n\n<li>Themenschwerpunkte: \n<ul class=\"wp-block-list\">\n<li>Ressourcenst\u00e4rkung in der Coronazeit <\/li>\n\n\n\n<li>Trotz Isolation bin ich nicht alleine<\/li>\n\n\n\n<li>Sensibilisierung der f\u00fcnf Sinne<\/li>\n\n\n\n<li>Fehler machen ist nicht schlimm. Es kann Spa\u00df machen, da neue Erkenntnisse und Zusammenh\u00e4nge entstehen k\u00f6nnen<\/li>\n<\/ul>\n<\/li>\n<\/ul>\n<\/div>\n<\/div>\n\n\n\n<div style=\"height:48px\" aria-hidden=\"true\" class=\"wp-block-spacer ticss-ea0da2f7\"><\/div>\n\n\n\n<div style=\"height:25px\" aria-hidden=\"true\" class=\"wp-block-spacer\"><\/div>\n\n\n\n<h2 class=\"wp-block-heading\">Volkshochschulkurse ab September 2022<\/h2>\n\n\n\n<div style=\"height:38px\" aria-hidden=\"true\" class=\"wp-block-spacer\"><\/div>\n\n\n\n<p class=\"has-text-align-center\">Das Land der Farben wird erkundet und kreativ gestaltet. \u00dcber das Jahr verteilt wird jeden Monat eine dazu passende Farbe mit allen f\u00fcnf Sinnen erforscht. Durch das bewusste Sehen, H\u00f6ren, Riechen Schmecken und Tasten kann Entspannung entstehen. W\u00e4hrend des kreativen Gestaltens mit verschiedenen Materialien werden Gef\u00fchle ausgedr\u00fcckt und es k\u00f6nnen neue F\u00e4higkeiten ausprobiert werden. Frei nach dem Motto von Picasso, die &#8222;Kunst w\u00e4scht den Schmutz des Alltags von der Seele&#8220;. Aber keine Angst, niemand muss Malen k\u00f6nnen.<\/p>\n\n\n\n<div style=\"height:38px\" aria-hidden=\"true\" class=\"wp-block-spacer\"><\/div>\n\n\n\n<div class=\"wp-block-media-text alignfull is-stacked-on-mobile is-vertically-aligned-center ticss-27f35bbd\"><figure class=\"wp-block-media-text__media\"><img data-recalc-dims=\"1\" decoding=\"async\" width=\"768\" height=\"1024\" data-src=\"https:\/\/i0.wp.com\/kunsttherapie-himmelblau.de\/wp-content\/uploads\/2022\/12\/IMG_20221022_075716.jpg?resize=768%2C1024&#038;ssl=1\" alt=\"\" class=\"wp-image-474 size-full lazyload\" data-srcset=\"https:\/\/i0.wp.com\/kunsttherapie-himmelblau.de\/wp-content\/uploads\/2022\/12\/IMG_20221022_075716-scaled.jpg?resize=768%2C1024&amp;ssl=1 768w, https:\/\/i0.wp.com\/kunsttherapie-himmelblau.de\/wp-content\/uploads\/2022\/12\/IMG_20221022_075716-scaled.jpg?resize=225%2C300&amp;ssl=1 225w, https:\/\/i0.wp.com\/kunsttherapie-himmelblau.de\/wp-content\/uploads\/2022\/12\/IMG_20221022_075716-scaled.jpg?resize=1152%2C1536&amp;ssl=1 1152w, https:\/\/i0.wp.com\/kunsttherapie-himmelblau.de\/wp-content\/uploads\/2022\/12\/IMG_20221022_075716-scaled.jpg?resize=1536%2C2048&amp;ssl=1 1536w, https:\/\/i0.wp.com\/kunsttherapie-himmelblau.de\/wp-content\/uploads\/2022\/12\/IMG_20221022_075716-scaled.jpg?w=1920&amp;ssl=1 1920w\" data-sizes=\"(max-width: 768px) 100vw, 768px\" src=\"data:image\/gif;base64,R0lGODlhAQABAAAAACH5BAEKAAEALAAAAAABAAEAAAICTAEAOw==\" style=\"--smush-placeholder-width: 768px; --smush-placeholder-aspect-ratio: 768\/1024;\" \/><\/figure><div class=\"wp-block-media-text__content\">\n<h3 class=\"has-text-align-center has-text-color wp-block-heading\" style=\"color:#000000\"><strong>Farbe: Orange<\/strong><\/h3>\n\n\n\n<p class=\"has-text-align-center has-extra-small-font-size\">Was haben ein Gedicht von Rilke, eine Warnweste, Orangensaft und eine Duftkerze gemeinsam? <\/p>\n\n\n\n<p class=\"has-text-align-center\">Aufgabe: Ein Warnschild malen<\/p>\n\n\n\n<p class=\"has-text-align-center\">Vor Welchen Gefahren, Situationen oder Fettn\u00e4pfchen m\u00f6chte ich gerne gewarnt werden beziehungsweise jemand anderen warnen?<\/p>\n\n\n\n<ul class=\"wp-block-list\">\n<li><\/li>\n<\/ul>\n<\/div><\/div>\n\n\n\n<div class=\"wp-block-media-text alignfull has-media-on-the-right is-stacked-on-mobile is-vertically-aligned-center\"><div class=\"wp-block-media-text__content\">\n<h3 class=\"has-text-align-center has-text-color wp-block-heading\" style=\"color:#000000\"><strong>Farbe: Grau<\/strong><\/h3>\n\n\n\n<p class=\"has-text-align-center has-extra-small-font-size\">Wie viele verschiedene Graut\u00f6ne gibt es?<\/p>\n\n\n\n<p class=\"has-text-align-center\">Wie sieht gewitterwolkengrau aus?<\/p>\n\n\n\n<p class=\"has-text-align-center\">Aufgabe: Womit l\u00e4sst sich ein grauer Alltag aufhellen?<\/p>\n<\/div><figure class=\"wp-block-media-text__media\"><img data-recalc-dims=\"1\" decoding=\"async\" data-src=\"https:\/\/i0.wp.com\/s.w.org\/images\/core\/5.8\/architecture-04.jpg?w=1200&#038;ssl=1\" alt=\"Close-up, abstract view of architecture.\" src=\"data:image\/gif;base64,R0lGODlhAQABAAAAACH5BAEKAAEALAAAAAABAAEAAAICTAEAOw==\" class=\"lazyload\" \/><\/figure><\/div>\n","protected":false},"excerpt":{"rendered":"<p>Bevor ich sterbe, m\u00f6chte ich&#8230; Die Kunsttherapeutin Agnes Gerisch-Busch holt die Installation&nbsp; \u201ebevor I die\u2026\u201c nach Ergoldsbach und pr\u00e4sentiert sie vor der Buchhandlung Kindsm\u00fcller.&nbsp; Aus Anlass des j\u00e4hrlich stattfindenden Welthospiztags erm\u00f6glicht diese Aktion das Hospiz- und Palliativnetzwerk Landshut. Die Ursprungsidee stammt von der K\u00fcnstlerin Candy Chang. Das interaktive Kunstprojekt besteht aus mehreren schwarzen Tafeln, auf&hellip;&nbsp;<a href=\"https:\/\/kunsttherapie-himmelblau.de\/index.php\/bisherige-projekte-kunsttherapie-himmelblau\/\" class=\"\" rel=\"bookmark\">Weiterlesen &raquo;<span class=\"screen-reader-text\">Bisherige Projekte<\/span><\/a><\/p>\n","protected":false},"author":1,"featured_media":0,"parent":0,"menu_order":0,"comment_status":"closed","ping_status":"closed","template":"","meta":{"neve_meta_sidebar":"","neve_meta_container":"","neve_meta_enable_content_width":"","neve_meta_content_width":0,"neve_meta_title_alignment":"","neve_meta_author_avatar":"","neve_post_elements_order":"","neve_meta_disable_header":"","neve_meta_disable_footer":"","neve_meta_disable_title":"","_themeisle_gutenberg_block_has_review":false,"footnotes":""},"class_list":["post-433","page","type-page","status-publish","hentry"],"yoast_head":"<!-- This site is optimized with the Yoast SEO plugin v25.2 - https:\/\/yoast.com\/wordpress\/plugins\/seo\/ -->\n<title>Bisherige Projekte - Kunsttherapie Himmelblau<\/title>\n<meta name=\"description\" content=\"In der Kunsttherapie Himmelblau von Agnes Gerisch-Busch gibt es vielf\u00e4ltige M\u00f6glichkeiten wie ihnen Kunsttherapie in Ihrem Leben helfen kann\" \/>\n<meta name=\"robots\" content=\"index, follow, max-snippet:-1, max-image-preview:large, max-video-preview:-1\" \/>\n<link rel=\"canonical\" href=\"https:\/\/kunsttherapie-himmelblau.de\/index.php\/bisherige-projekte-kunsttherapie-himmelblau\/\" \/>\n<meta property=\"og:locale\" content=\"de_DE\" \/>\n<meta property=\"og:type\" content=\"article\" \/>\n<meta property=\"og:title\" content=\"Bisherige Projekte - Kunsttherapie Himmelblau\" \/>\n<meta property=\"og:description\" content=\"In der Kunsttherapie Himmelblau von Agnes Gerisch-Busch gibt es vielf\u00e4ltige M\u00f6glichkeiten wie ihnen Kunsttherapie in Ihrem Leben helfen kann\" \/>\n<meta property=\"og:url\" content=\"https:\/\/kunsttherapie-himmelblau.de\/index.php\/bisherige-projekte-kunsttherapie-himmelblau\/\" \/>\n<meta property=\"og:site_name\" content=\"Kunsttherapie Himmelblau\" \/>\n<meta property=\"article:modified_time\" content=\"2022-12-28T10:36:59+00:00\" \/>\n<meta property=\"og:image\" content=\"https:\/\/kunsttherapie-himmelblau.de\/wp-content\/uploads\/2022\/11\/Bildertafeln-bei-Buchhandlung-Kindsmueller-IMG_20221017_1036011-scaled.jpg\" \/>\n<meta name=\"twitter:card\" content=\"summary_large_image\" \/>\n<meta name=\"twitter:label1\" content=\"Gesch\u00e4tzte Lesezeit\" \/>\n\t<meta name=\"twitter:data1\" content=\"6\u00a0Minuten\" \/>\n<script type=\"application\/ld+json\" class=\"yoast-schema-graph\">{\"@context\":\"https:\/\/schema.org\",\"@graph\":[{\"@type\":\"WebPage\",\"@id\":\"https:\/\/kunsttherapie-himmelblau.de\/index.php\/bisherige-projekte-kunsttherapie-himmelblau\/\",\"url\":\"https:\/\/kunsttherapie-himmelblau.de\/index.php\/bisherige-projekte-kunsttherapie-himmelblau\/\",\"name\":\"Bisherige Projekte - Kunsttherapie Himmelblau\",\"isPartOf\":{\"@id\":\"https:\/\/kunsttherapie-himmelblau.de\/#website\"},\"primaryImageOfPage\":{\"@id\":\"https:\/\/kunsttherapie-himmelblau.de\/index.php\/bisherige-projekte-kunsttherapie-himmelblau\/#primaryimage\"},\"image\":{\"@id\":\"https:\/\/kunsttherapie-himmelblau.de\/index.php\/bisherige-projekte-kunsttherapie-himmelblau\/#primaryimage\"},\"thumbnailUrl\":\"https:\/\/kunsttherapie-himmelblau.de\/wp-content\/uploads\/2022\/11\/Bildertafeln-bei-Buchhandlung-Kindsmueller-IMG_20221017_1036011-scaled.jpg\",\"datePublished\":\"2022-11-22T17:06:50+00:00\",\"dateModified\":\"2022-12-28T10:36:59+00:00\",\"description\":\"In der Kunsttherapie Himmelblau von Agnes Gerisch-Busch gibt es vielf\u00e4ltige M\u00f6glichkeiten wie ihnen Kunsttherapie in Ihrem Leben helfen kann\",\"breadcrumb\":{\"@id\":\"https:\/\/kunsttherapie-himmelblau.de\/index.php\/bisherige-projekte-kunsttherapie-himmelblau\/#breadcrumb\"},\"inLanguage\":\"de\",\"potentialAction\":[{\"@type\":\"ReadAction\",\"target\":[\"https:\/\/kunsttherapie-himmelblau.de\/index.php\/bisherige-projekte-kunsttherapie-himmelblau\/\"]}]},{\"@type\":\"ImageObject\",\"inLanguage\":\"de\",\"@id\":\"https:\/\/kunsttherapie-himmelblau.de\/index.php\/bisherige-projekte-kunsttherapie-himmelblau\/#primaryimage\",\"url\":\"https:\/\/i0.wp.com\/kunsttherapie-himmelblau.de\/wp-content\/uploads\/2022\/11\/Bildertafeln-bei-Buchhandlung-Kindsmueller-IMG_20221017_1036011-scaled.jpg?fit=2560%2C1920&ssl=1\",\"contentUrl\":\"https:\/\/i0.wp.com\/kunsttherapie-himmelblau.de\/wp-content\/uploads\/2022\/11\/Bildertafeln-bei-Buchhandlung-Kindsmueller-IMG_20221017_1036011-scaled.jpg?fit=2560%2C1920&ssl=1\",\"width\":2560,\"height\":1920},{\"@type\":\"BreadcrumbList\",\"@id\":\"https:\/\/kunsttherapie-himmelblau.de\/index.php\/bisherige-projekte-kunsttherapie-himmelblau\/#breadcrumb\",\"itemListElement\":[{\"@type\":\"ListItem\",\"position\":1,\"name\":\"Startseite\",\"item\":\"https:\/\/kunsttherapie-himmelblau.de\/\"},{\"@type\":\"ListItem\",\"position\":2,\"name\":\"Bisherige Projekte\"}]},{\"@type\":\"WebSite\",\"@id\":\"https:\/\/kunsttherapie-himmelblau.de\/#website\",\"url\":\"https:\/\/kunsttherapie-himmelblau.de\/\",\"name\":\"Kunsttherapie Himmelblau\",\"description\":\"Agnes Gerisch-Busch Kunsttherapie\",\"potentialAction\":[{\"@type\":\"SearchAction\",\"target\":{\"@type\":\"EntryPoint\",\"urlTemplate\":\"https:\/\/kunsttherapie-himmelblau.de\/?s={search_term_string}\"},\"query-input\":{\"@type\":\"PropertyValueSpecification\",\"valueRequired\":true,\"valueName\":\"search_term_string\"}}],\"inLanguage\":\"de\"}]}<\/script>\n<!-- \/ Yoast SEO plugin. -->","yoast_head_json":{"title":"Bisherige Projekte - Kunsttherapie Himmelblau","description":"In der Kunsttherapie Himmelblau von Agnes Gerisch-Busch gibt es vielf\u00e4ltige M\u00f6glichkeiten wie ihnen Kunsttherapie in Ihrem Leben helfen kann","robots":{"index":"index","follow":"follow","max-snippet":"max-snippet:-1","max-image-preview":"max-image-preview:large","max-video-preview":"max-video-preview:-1"},"canonical":"https:\/\/kunsttherapie-himmelblau.de\/index.php\/bisherige-projekte-kunsttherapie-himmelblau\/","og_locale":"de_DE","og_type":"article","og_title":"Bisherige Projekte - Kunsttherapie Himmelblau","og_description":"In der Kunsttherapie Himmelblau von Agnes Gerisch-Busch gibt es vielf\u00e4ltige M\u00f6glichkeiten wie ihnen Kunsttherapie in Ihrem Leben helfen kann","og_url":"https:\/\/kunsttherapie-himmelblau.de\/index.php\/bisherige-projekte-kunsttherapie-himmelblau\/","og_site_name":"Kunsttherapie Himmelblau","article_modified_time":"2022-12-28T10:36:59+00:00","og_image":[{"url":"https:\/\/kunsttherapie-himmelblau.de\/wp-content\/uploads\/2022\/11\/Bildertafeln-bei-Buchhandlung-Kindsmueller-IMG_20221017_1036011-scaled.jpg","type":"","width":"","height":""}],"twitter_card":"summary_large_image","twitter_misc":{"Gesch\u00e4tzte Lesezeit":"6\u00a0Minuten"},"schema":{"@context":"https:\/\/schema.org","@graph":[{"@type":"WebPage","@id":"https:\/\/kunsttherapie-himmelblau.de\/index.php\/bisherige-projekte-kunsttherapie-himmelblau\/","url":"https:\/\/kunsttherapie-himmelblau.de\/index.php\/bisherige-projekte-kunsttherapie-himmelblau\/","name":"Bisherige Projekte - Kunsttherapie Himmelblau","isPartOf":{"@id":"https:\/\/kunsttherapie-himmelblau.de\/#website"},"primaryImageOfPage":{"@id":"https:\/\/kunsttherapie-himmelblau.de\/index.php\/bisherige-projekte-kunsttherapie-himmelblau\/#primaryimage"},"image":{"@id":"https:\/\/kunsttherapie-himmelblau.de\/index.php\/bisherige-projekte-kunsttherapie-himmelblau\/#primaryimage"},"thumbnailUrl":"https:\/\/kunsttherapie-himmelblau.de\/wp-content\/uploads\/2022\/11\/Bildertafeln-bei-Buchhandlung-Kindsmueller-IMG_20221017_1036011-scaled.jpg","datePublished":"2022-11-22T17:06:50+00:00","dateModified":"2022-12-28T10:36:59+00:00","description":"In der Kunsttherapie Himmelblau von Agnes Gerisch-Busch gibt es vielf\u00e4ltige M\u00f6glichkeiten wie ihnen Kunsttherapie in Ihrem Leben helfen kann","breadcrumb":{"@id":"https:\/\/kunsttherapie-himmelblau.de\/index.php\/bisherige-projekte-kunsttherapie-himmelblau\/#breadcrumb"},"inLanguage":"de","potentialAction":[{"@type":"ReadAction","target":["https:\/\/kunsttherapie-himmelblau.de\/index.php\/bisherige-projekte-kunsttherapie-himmelblau\/"]}]},{"@type":"ImageObject","inLanguage":"de","@id":"https:\/\/kunsttherapie-himmelblau.de\/index.php\/bisherige-projekte-kunsttherapie-himmelblau\/#primaryimage","url":"https:\/\/i0.wp.com\/kunsttherapie-himmelblau.de\/wp-content\/uploads\/2022\/11\/Bildertafeln-bei-Buchhandlung-Kindsmueller-IMG_20221017_1036011-scaled.jpg?fit=2560%2C1920&ssl=1","contentUrl":"https:\/\/i0.wp.com\/kunsttherapie-himmelblau.de\/wp-content\/uploads\/2022\/11\/Bildertafeln-bei-Buchhandlung-Kindsmueller-IMG_20221017_1036011-scaled.jpg?fit=2560%2C1920&ssl=1","width":2560,"height":1920},{"@type":"BreadcrumbList","@id":"https:\/\/kunsttherapie-himmelblau.de\/index.php\/bisherige-projekte-kunsttherapie-himmelblau\/#breadcrumb","itemListElement":[{"@type":"ListItem","position":1,"name":"Startseite","item":"https:\/\/kunsttherapie-himmelblau.de\/"},{"@type":"ListItem","position":2,"name":"Bisherige Projekte"}]},{"@type":"WebSite","@id":"https:\/\/kunsttherapie-himmelblau.de\/#website","url":"https:\/\/kunsttherapie-himmelblau.de\/","name":"Kunsttherapie Himmelblau","description":"Agnes Gerisch-Busch Kunsttherapie","potentialAction":[{"@type":"SearchAction","target":{"@type":"EntryPoint","urlTemplate":"https:\/\/kunsttherapie-himmelblau.de\/?s={search_term_string}"},"query-input":{"@type":"PropertyValueSpecification","valueRequired":true,"valueName":"search_term_string"}}],"inLanguage":"de"}]}},"jetpack_sharing_enabled":true,"_links":{"self":[{"href":"https:\/\/kunsttherapie-himmelblau.de\/index.php\/wp-json\/wp\/v2\/pages\/433","targetHints":{"allow":["GET"]}}],"collection":[{"href":"https:\/\/kunsttherapie-himmelblau.de\/index.php\/wp-json\/wp\/v2\/pages"}],"about":[{"href":"https:\/\/kunsttherapie-himmelblau.de\/index.php\/wp-json\/wp\/v2\/types\/page"}],"author":[{"embeddable":true,"href":"https:\/\/kunsttherapie-himmelblau.de\/index.php\/wp-json\/wp\/v2\/users\/1"}],"replies":[{"embeddable":true,"href":"https:\/\/kunsttherapie-himmelblau.de\/index.php\/wp-json\/wp\/v2\/comments?post=433"}],"version-history":[{"count":26,"href":"https:\/\/kunsttherapie-himmelblau.de\/index.php\/wp-json\/wp\/v2\/pages\/433\/revisions"}],"predecessor-version":[{"id":517,"href":"https:\/\/kunsttherapie-himmelblau.de\/index.php\/wp-json\/wp\/v2\/pages\/433\/revisions\/517"}],"wp:attachment":[{"href":"https:\/\/kunsttherapie-himmelblau.de\/index.php\/wp-json\/wp\/v2\/media?parent=433"}],"curies":[{"name":"wp","href":"https:\/\/api.w.org\/{rel}","templated":true}]}}